{"id":5849,"date":"2024-12-04T15:05:26","date_gmt":"2024-12-04T14:05:26","guid":{"rendered":"https:\/\/www.foozos.hr\/?page_id=5849"},"modified":"2026-03-16T10:51:16","modified_gmt":"2026-03-16T09:51:16","slug":"conferences","status":"publish","type":"page","link":"https:\/\/www.foozos.hr\/en\/conferences\/","title":{"rendered":"Conferences"},"content":{"rendered":"<figure class=\"wp-block-gallery has-nested-images columns-6 wp-block-gallery-1 is-layout-flex wp-block-gallery-is-layout-flex\">\n<figure class=\"wp-block-image size-large\"><a href=\"https:\/\/second-international-conference-calt--creative-approaches-to-le.webnode.hr\/\"><img loading=\"lazy\" decoding=\"async\" width=\"1024\" height=\"1024\" data-id=\"6182\" src=\"https:\/\/www.foozos.hr\/wp-content\/uploads\/2024\/12\/logotip_CALT-87-1024x1024.jpg\" alt=\"\" class=\"wp-image-6182\" srcset=\"https:\/\/www.foozos.hr\/wp-content\/uploads\/2024\/12\/logotip_CALT-87-1024x1024.jpg 1024w, https:\/\/www.foozos.hr\/wp-content\/uploads\/2024\/12\/logotip_CALT-87-300x300.jpg 300w, https:\/\/www.foozos.hr\/wp-content\/uploads\/2024\/12\/logotip_CALT-87-150x150.jpg 150w, https:\/\/www.foozos.hr\/wp-content\/uploads\/2024\/12\/logotip_CALT-87-768x769.jpg 768w, https:\/\/www.foozos.hr\/wp-content\/uploads\/2024\/12\/logotip_CALT-87-12x12.jpg 12w, https:\/\/www.foozos.hr\/wp-content\/uploads\/2024\/12\/logotip_CALT-87-600x601.jpg 600w, https:\/\/www.foozos.hr\/wp-content\/uploads\/2024\/12\/logotip_CALT-87-100x100.jpg 100w, https:\/\/www.foozos.hr\/wp-content\/uploads\/2024\/12\/logotip_CALT-87.jpg 1195w\" sizes=\"auto, (max-width: 1024px) 100vw, 1024px\" \/><\/a><\/figure>\n\n\n\n<figure class=\"wp-block-image size-large\"><a href=\"http:\/\/intcollmathchild.mathos.hr\/\"><img loading=\"lazy\" decoding=\"async\" width=\"353\" height=\"342\" data-id=\"6186\" src=\"https:\/\/www.foozos.hr\/wp-content\/uploads\/2024\/12\/math.png\" alt=\"\" class=\"wp-image-6186\" srcset=\"https:\/\/www.foozos.hr\/wp-content\/uploads\/2024\/12\/math.png 353w, https:\/\/www.foozos.hr\/wp-content\/uploads\/2024\/12\/math-300x291.png 300w, https:\/\/www.foozos.hr\/wp-content\/uploads\/2024\/12\/math-12x12.png 12w\" sizes=\"auto, (max-width: 353px) 100vw, 353px\" \/><\/a><\/figure>\n\n\n\n<figure class=\"wp-block-image size-large\"><a href=\"https:\/\/foozos-pero.weebly.com\/\"><img loading=\"lazy\" decoding=\"async\" width=\"485\" height=\"362\" data-id=\"6185\" src=\"https:\/\/www.foozos.hr\/wp-content\/uploads\/2024\/12\/logo-dani-doktoranada.jpg\" alt=\"\" class=\"wp-image-6185\" srcset=\"https:\/\/www.foozos.hr\/wp-content\/uploads\/2024\/12\/logo-dani-doktoranada.jpg 485w, https:\/\/www.foozos.hr\/wp-content\/uploads\/2024\/12\/logo-dani-doktoranada-300x224.jpg 300w, https:\/\/www.foozos.hr\/wp-content\/uploads\/2024\/12\/logo-dani-doktoranada-16x12.jpg 16w\" sizes=\"auto, (max-width: 485px) 100vw, 485px\" \/><\/a><\/figure>\n\n\n\n<figure class=\"wp-block-image size-large\"><a href=\"https:\/\/ictinlife.eu\/\"><img loading=\"lazy\" decoding=\"async\" width=\"300\" height=\"147\" data-id=\"6184\" src=\"https:\/\/www.foozos.hr\/wp-content\/uploads\/2024\/12\/ictinlife.jpg\" alt=\"\" class=\"wp-image-6184\" srcset=\"https:\/\/www.foozos.hr\/wp-content\/uploads\/2024\/12\/ictinlife.jpg 300w, https:\/\/www.foozos.hr\/wp-content\/uploads\/2024\/12\/ictinlife-18x9.jpg 18w\" sizes=\"auto, (max-width: 300px) 100vw, 300px\" \/><\/a><\/figure>\n\n\n\n<figure class=\"wp-block-image size-large\"><a href=\"https:\/\/didactic-challenges0.webnode.hr\/\"><img loading=\"lazy\" decoding=\"async\" width=\"450\" height=\"127\" data-id=\"6187\" src=\"https:\/\/www.foozos.hr\/wp-content\/uploads\/2024\/12\/didakticki-izazovi.jpg\" alt=\"\" class=\"wp-image-6187\" srcset=\"https:\/\/www.foozos.hr\/wp-content\/uploads\/2024\/12\/didakticki-izazovi.jpg 450w, https:\/\/www.foozos.hr\/wp-content\/uploads\/2024\/12\/didakticki-izazovi-300x85.jpg 300w, https:\/\/www.foozos.hr\/wp-content\/uploads\/2024\/12\/didakticki-izazovi-18x5.jpg 18w\" sizes=\"auto, (max-width: 450px) 100vw, 450px\" \/><\/a><\/figure>\n\n\n\n<figure class=\"wp-block-image size-large\"><a href=\"https:\/\/education-for-interculturalism.webnode.hr\/\"><img loading=\"lazy\" decoding=\"async\" width=\"68\" height=\"80\" data-id=\"6183\" src=\"https:\/\/www.foozos.hr\/wp-content\/uploads\/2024\/12\/logo-education-for-interculturalism.jpg\" alt=\"\" class=\"wp-image-6183\" srcset=\"https:\/\/www.foozos.hr\/wp-content\/uploads\/2024\/12\/logo-education-for-interculturalism.jpg 68w, https:\/\/www.foozos.hr\/wp-content\/uploads\/2024\/12\/logo-education-for-interculturalism-10x12.jpg 10w\" sizes=\"auto, (max-width: 68px) 100vw, 68px\" \/><\/a><\/figure>\n\n\n\n<figure class=\"wp-block-image size-large\"><a href=\"https:\/\/etsn.eu\/\"><img loading=\"lazy\" decoding=\"async\" width=\"260\" height=\"80\" data-id=\"6188\" src=\"https:\/\/www.foozos.hr\/wp-content\/uploads\/2024\/12\/etsn-logo.png\" alt=\"\" class=\"wp-image-6188\" srcset=\"https:\/\/www.foozos.hr\/wp-content\/uploads\/2024\/12\/etsn-logo.png 260w, https:\/\/www.foozos.hr\/wp-content\/uploads\/2024\/12\/etsn-logo-18x6.png 18w\" sizes=\"auto, (max-width: 260px) 100vw, 260px\" \/><\/a><\/figure>\n\n\n\n<figure class=\"wp-block-image size-large\"><a href=\"https:\/\/chila.eu\/hr\/\"><img loading=\"lazy\" decoding=\"async\" width=\"192\" height=\"80\" data-id=\"6189\" src=\"https:\/\/www.foozos.hr\/wp-content\/uploads\/2024\/12\/web-ikona-DiJ-2019.jpg\" alt=\"\" class=\"wp-image-6189\" srcset=\"https:\/\/www.foozos.hr\/wp-content\/uploads\/2024\/12\/web-ikona-DiJ-2019.jpg 192w, https:\/\/www.foozos.hr\/wp-content\/uploads\/2024\/12\/web-ikona-DiJ-2019-18x8.jpg 18w\" sizes=\"auto, (max-width: 192px) 100vw, 192px\" \/><\/a><\/figure>\n\n\n\n<figure class=\"wp-block-image size-large\"><a href=\"https:\/\/echathematic2019.info\/\"><img loading=\"lazy\" decoding=\"async\" width=\"1024\" height=\"263\" data-id=\"6190\" src=\"https:\/\/www.foozos.hr\/wp-content\/uploads\/2024\/12\/logo-echa2019-1024x263.jpg\" alt=\"\" class=\"wp-image-6190\" srcset=\"https:\/\/www.foozos.hr\/wp-content\/uploads\/2024\/12\/logo-echa2019-1024x263.jpg 1024w, https:\/\/www.foozos.hr\/wp-content\/uploads\/2024\/12\/logo-echa2019-300x77.jpg 300w, https:\/\/www.foozos.hr\/wp-content\/uploads\/2024\/12\/logo-echa2019-768x197.jpg 768w, https:\/\/www.foozos.hr\/wp-content\/uploads\/2024\/12\/logo-echa2019-18x5.jpg 18w, https:\/\/www.foozos.hr\/wp-content\/uploads\/2024\/12\/logo-echa2019-600x154.jpg 600w, https:\/\/www.foozos.hr\/wp-content\/uploads\/2024\/12\/logo-echa2019.jpg 1200w\" sizes=\"auto, (max-width: 1024px) 100vw, 1024px\" \/><\/a><\/figure>\n\n\n\n<figure class=\"wp-block-image size-large\"><a href=\"https:\/\/www.edupolicylab.com\/\"><img loading=\"lazy\" decoding=\"async\" width=\"1024\" height=\"493\" data-id=\"6191\" src=\"https:\/\/www.foozos.hr\/wp-content\/uploads\/2024\/12\/EDUpolicy-LAB-2048x986-1-1024x493.png\" alt=\"\" class=\"wp-image-6191\" srcset=\"https:\/\/www.foozos.hr\/wp-content\/uploads\/2024\/12\/EDUpolicy-LAB-2048x986-1-1024x493.png 1024w, https:\/\/www.foozos.hr\/wp-content\/uploads\/2024\/12\/EDUpolicy-LAB-2048x986-1-300x144.png 300w, https:\/\/www.foozos.hr\/wp-content\/uploads\/2024\/12\/EDUpolicy-LAB-2048x986-1-768x370.png 768w, https:\/\/www.foozos.hr\/wp-content\/uploads\/2024\/12\/EDUpolicy-LAB-2048x986-1-1536x740.png 1536w, https:\/\/www.foozos.hr\/wp-content\/uploads\/2024\/12\/EDUpolicy-LAB-2048x986-1-18x9.png 18w, https:\/\/www.foozos.hr\/wp-content\/uploads\/2024\/12\/EDUpolicy-LAB-2048x986-1-600x289.png 600w, https:\/\/www.foozos.hr\/wp-content\/uploads\/2024\/12\/EDUpolicy-LAB-2048x986-1.png 2048w\" sizes=\"auto, (max-width: 1024px) 100vw, 1024px\" \/><\/a><\/figure>\n\n\n\n<figure class=\"wp-block-image size-large\"><a href=\"https:\/\/aexpo.org\/naslovnica\"><img loading=\"lazy\" decoding=\"async\" width=\"546\" height=\"300\" data-id=\"6193\" src=\"https:\/\/www.foozos.hr\/wp-content\/uploads\/2024\/12\/logotip-aexpo.jpg\" alt=\"\" class=\"wp-image-6193\" srcset=\"https:\/\/www.foozos.hr\/wp-content\/uploads\/2024\/12\/logotip-aexpo.jpg 546w, https:\/\/www.foozos.hr\/wp-content\/uploads\/2024\/12\/logotip-aexpo-300x165.jpg 300w, https:\/\/www.foozos.hr\/wp-content\/uploads\/2024\/12\/logotip-aexpo-18x10.jpg 18w\" sizes=\"auto, (max-width: 546px) 100vw, 546px\" \/><\/a><\/figure>\n\n\n\n<figure class=\"wp-block-image size-large\"><a href=\"https:\/\/www.kompas-konf.com\/hr\/\"><img loading=\"lazy\" decoding=\"async\" width=\"87\" height=\"85\" data-id=\"6192\" src=\"https:\/\/www.foozos.hr\/wp-content\/uploads\/2024\/12\/kompas2.png\" alt=\"\" class=\"wp-image-6192\" srcset=\"https:\/\/www.foozos.hr\/wp-content\/uploads\/2024\/12\/kompas2.png 87w, https:\/\/www.foozos.hr\/wp-content\/uploads\/2024\/12\/kompas2-12x12.png 12w\" sizes=\"auto, (max-width: 87px) 100vw, 87px\" \/><\/a><\/figure>\n<\/figure>\n\n\n<ul class=\"wp-block-latest-posts__list has-dates wp-block-latest-posts\"><li><a class=\"wp-block-latest-posts__post-title\" href=\"https:\/\/www.foozos.hr\/en\/doctoral-days-2026-educational-sciences-and-perspectives-of-education\/\">Doctoral Days 2026 \u2013 Educational Sciences and Perspectives of Education<\/a><time datetime=\"2026-03-17T21:38:25+01:00\" class=\"wp-block-latest-posts__post-date\">17.03.2026.<\/time><div class=\"wp-block-latest-posts__post-excerpt\"><\/div><\/li>\n<li><a class=\"wp-block-latest-posts__post-title\" href=\"https:\/\/www.foozos.hr\/en\/2nd-call-kompas-2026-sarajevo\/\">2nd CALL \u2013 KOMPAS 2026 Sarajevo<\/a><time datetime=\"2026-02-04T13:17:40+01:00\" class=\"wp-block-latest-posts__post-date\">04.02.2026.<\/time><div class=\"wp-block-latest-posts__post-excerpt\">Dear Colleagues, we kindly invite you to the 3rd International Scientific Conference KOMPAS \u2013 Competent Systems in Early Childhood Education and Care which will take place from 22 to 24 October 2026 in Sarajevo (Bosnia and Herzegovina). The conference is &hellip; <\/div><\/li>\n<li><a class=\"wp-block-latest-posts__post-title\" href=\"https:\/\/www.foozos.hr\/en\/call-for-participation-3rd-international-online-scientific-conference-ictil-2026-2\/\">Call for Participation \u2013 3rd International Online Scientific Conference ICTiL 2026<\/a><time datetime=\"2026-01-14T11:36:37+01:00\" class=\"wp-block-latest-posts__post-date\">14.01.2026.<\/time><div class=\"wp-block-latest-posts__post-excerpt\">We are pleased to invite you to participate in the 3rd International Online Scientific Conference _ICT in Life _(ICTiL 2026), which will be held virtually via Zoom on May 15, 2026. The theme of this year\u2019sconference is _Intelligent Development_. The &hellip; <\/div><\/li>\n<li><a class=\"wp-block-latest-posts__post-title\" href=\"https:\/\/www.foozos.hr\/en\/1st-call-intercultural-education\/\">1st Call \u2013 Intercultural Education<\/a><time datetime=\"2025-02-07T12:14:18+01:00\" class=\"wp-block-latest-posts__post-date\">07.02.2025.<\/time><div class=\"wp-block-latest-posts__post-excerpt\">Dear colleagues, the Faculty of Education, J. J. Strossmayer University of Osijek (Croatia) invites you to participate in the 5th International Scientific and Professional Conference Intercultural Education (in memory of Vesnica Mlinarevi\u0107, PhD, Full Professor) which will be held on &hellip; <\/div><\/li>\n<li><a class=\"wp-block-latest-posts__post-title\" href=\"https:\/\/www.foozos.hr\/en\/the-10th-international-scientific-colloquium-mathematics-and-children-founded-by-margita-pavlekovic\/\">The 10th International Scientific Colloquium MATHEMATICS AND CHILDREN, founded by Margita Pavlekovi\u0107<\/a><time datetime=\"2025-01-30T15:00:03+01:00\" class=\"wp-block-latest-posts__post-date\">30.01.2025.<\/time><div class=\"wp-block-latest-posts__post-excerpt\">On behalf of the Organizing Committee, we are pleased to invite you to participate in the activities included in the Colloquium, the product of a joint effort between the Faculty of Education in Osijek and the Department of Mathematics, Josip &hellip; <\/div><\/li>\n<li><a class=\"wp-block-latest-posts__post-title\" href=\"https:\/\/www.foozos.hr\/en\/the-international-scientific-and-professional-conference-global-challenges-of-the-21st-century\/\">The International Scientific and Professional Conference Global Challenges of the 21st Century<\/a><time datetime=\"2025-01-30T14:30:46+01:00\" class=\"wp-block-latest-posts__post-date\">30.01.2025.<\/time><div class=\"wp-block-latest-posts__post-excerpt\">The International Scientific and Professional Conference Global Challenges of the 21st Century will be held on March 14, 2025. organized by the Rotary Club Osijek Academia. Coorganizers are the Josip Juraj Strossmayer University in Osijek, the Faculty of Education, the &hellip; <\/div><\/li>\n<\/ul>\n\n\n<ul class=\"wp-block-list\">\n<li><a href=\"https:\/\/www.foozos.hr\/hr\/6-osjecki-dani-bioetike\/\">6. Osje\u010dki dani bioetike<\/a><\/li>\n\n\n\n<li>11. i 12. studenoga 2024. odr\u017eani su 6. Osje\u010dki dani bioetike. Sredi\u0161nje mjesto u okviru 6. Osje\u010dkih dana bioetike bila je tema \u201eBioetika i zdravlje\u201c. <\/li>\n\n\n\n<li><a href=\"https:\/\/www.foozos.hr\/hr\/kompas-2024\/\">KOMPAS 2024<\/a><\/li>\n\n\n\n<li>Dana 11. i 12. listopada 2024. odr\u017eana je 2. me\u0111unarodna znanstveno-stru\u010dna konferencija Kompetentni sustavi u ranom i pred\u0161kolskom odgoju i obrazovanju ili skra\u0107eno KOMPAS 2024. <\/li>\n\n\n\n<li><a href=\"https:\/\/www.foozos.hr\/hr\/medunarodni-interdisciplinarni-umjetnicko-znanstveni-simpozij-joszef-angster-190-obljetnica-rodenja-orguljske-radionice-u-dugom-19-stoljecu-licnosti-glazba-i-prostori\/\">Me\u0111unarodni interdisciplinarni umjetni\u010dko-znanstveni simpozij Joszef Angster, 190. obljetnica ro\u0111enja \u2013 Orguljske radionice u dugom 19. stolje\u0107u, li\u010dnosti, glazba i prostori<\/a><\/li>\n\n\n\n<li>16. i 17. listopada 2024. odr\u017eao se \u201eMe\u0111unarodni interdisciplinarni umjetni\u010dko-znanstveni simpozij Joszef Angster, 190. obljetnica ro\u0111enja \u2013 Orguljske radionice u dugom 19. stolje\u0107u, li\u010dnosti, glazba i prostori\u201c, zna\u010dajnog europskog graditelja Jozsefa Angstera.<\/li>\n\n\n\n<li><a href=\"https:\/\/www.foozos.hr\/hr\/2-medunarodna-znanstveno-strucna-konferencije-kompas-kompetentni-sustavi-u-ranom-i-predskolskom-odgoju-i-obrazovanju\/\">2. me\u0111unarodna znanstveno-stru\u010dna konferencije KOMPAS \u2013 Kompetentni sustavi u ranom i pred\u0161kolskom odgoju i obrazovanju<\/a><\/li>\n\n\n\n<li>Fakultet za odgojne i obrazovne znanosti Sveu\u010dili\u0161ta J. J. Strossmayera u Osijeku (Republika Hrvatska) i suorganizatori sa zadovoljstvom najavljuju i pozivaju Vas na 2. me\u0111unarodnu znanstveno-stru\u010dnu konferenciju KOMPAS \u2013 Kompetentni sustavi u ranom i pred\u0161kolskom odgoju i obrazovanju.<\/li>\n\n\n\n<li><a href=\"https:\/\/www.foozos.hr\/hr\/medunarodni-simpozij-kopacki-rit-jucer-danas-sutra-2024-poziv-i-program\/\">13. me\u0111unarodni simpozij Kopa\u010dki rit ju\u010der, danas, sutra 2024. \u2013 poziv i program<\/a><\/li>\n\n\n\n<li><a href=\"https:\/\/www.foozos.hr\/hr\/poziv-na-medunarodni-interdisciplinarni-umjetnicko-znanstveni-simpozij-u-cast-jozsefa-angstera\/\">Poziv na Me\u0111unarodni interdisciplinarni umjetni\u010dko-znanstveni simpozij u \u010dast Jozsefa Angstera<\/a><\/li>\n\n\n\n<li>Me\u0111unarodni interdisciplinarni umjetni\u010dko-znanstveni simpozij odr\u017eat \u0107e se 16. i 17. listopada 2024. u Valpovu. Simpozijem se obilje\u017eava 190. obljetnica ro\u0111enja poznatog graditelja orgulja iz 19. stolje\u0107a Jozsefa Angstera.<\/li>\n\n\n\n<li><a href=\"https:\/\/www.foozos.hr\/hr\/dani-doktoranada-2024-program\/\">Dani doktoranada 2024. \u2013 program<\/a><\/li>\n\n\n\n<li>Znanstveni skup Dani doktoranada 2024. \u2212 Obrazovne znanosti i perspektive obrazovanja odr\u017eat \u0107e se 4. i 5. listopada 2024. povodom Dana Fakulteta za odgojne i obrazovne znanosti Sveu\u010dili\u0161ta Josipa Jurja Strossmayera u Osijeku.<\/li>\n\n\n\n<li><a href=\"https:\/\/www.foozos.hr\/hr\/poziv-na-6-osjecke-dane-bioetike\/\">Poziv na 6. Osje\u010dke dane bioetike<\/a><\/li>\n\n\n\n<li>6. Osje\u010dki dani bioetike odr\u017eat \u0107e se 11. i 12. studenoga 2024. na Fakultetu za odgojne i obrazovne znanosti Sveu\u010dili\u0161ta Josipa Jurja Strossmayera u Osijeku.<\/li>\n\n\n\n<li><a href=\"https:\/\/www.foozos.hr\/hr\/znanstveno-strucni-simpozij-djecje-traheotomije\/\">ZNANSTVENO \u2013 STRU\u010cNI SIMPOZIJ \u201eDJE\u010cJE TRAHEOTOMIJE\u201c<\/a><\/li>\n\n\n\n<li>U organizaciji Centra za rehabilitaciju Fakulteta za odgojne i obrazovne znanosti i Udruge ALUMNI Fakulteta za odgojne i obrazovne znanosti u Osijeku 4. lipnja 2024. u prostoru Fakulteta odr\u017ean je znanstveno-stru\u010dni simpozij Dje\u010dje traheotomije.<\/li>\n\n\n\n<li><a href=\"https:\/\/www.foozos.hr\/hr\/ict-in-life\/\">ICT in life<\/a><\/li>\n\n\n\n<li>Druga me\u0111unarodna online znanstvena konferencija ICT in Life (ICTiL 2024) odr\u017eana je 17. svibnja 2024. putem Zoom platforme. Organizatori konferencije su bili Fakultet za odgojne i obrazovne znanosti Sveu\u010dili\u0161ta Josipa Jurja Strossmayera u Osijeku i Hrvatska akademija znanosti i umjetnosti.<\/li>\n\n\n\n<li><a href=\"https:\/\/www.foozos.hr\/hr\/odrzan-47-medunarodni-skup-za-informacijsku-komunikacijsku-i-elektronicku-tehnologiju-mipro\/\">Odr\u017ean 47. me\u0111unarodni skup za informacijsku, komunikacijsku i elektroni\u010dku tehnologiju (MIPRO)<\/a><\/li>\n\n\n\n<li>Ve\u0107 tradicionalno krajem svibnja odr\u017ean je znanstveno-stru\u010dni skup MIPRO2024. Fakultet za odgojne i obrazovne znanosti ve\u0107 tre\u0107u godinu za redom sudjeluje kao skupni \u010dlan i u radu programskog odbora.<\/li>\n\n\n\n<li><a href=\"https:\/\/www.foozos.hr\/hr\/kongres-multidisciplinarni-pristup-prevenciji-i-skrbi-za-djecu-rane-i-predskolske-dobi\/\">Kongres Multidisciplinarni pristup prevenciji i skrbi za djecu rane i pred\u0161kolske dobi<\/a><\/li>\n\n\n\n<li>Od 16. do 18. svibnja 2024. odr\u017ean je kongres Multidisciplinarni pristup prevenciji i skrbi za djecu rane i pred\u0161kolske dobi u Hotelu Trako\u0161\u0107an. <\/li>\n\n\n\n<li><a href=\"https:\/\/www.foozos.hr\/hr\/djecji-vrtic-osijek-strucnim-skupom-obiljezio-50-godina-rada\/\">Dje\u010dji vrti\u0107 Osijek stru\u010dnim skupom obilje\u017eio 50 godina rada<\/a><\/li>\n\n\n\n<li>Dje\u010dji vrti\u0107 Osijek obilje\u017eio je 50 godina rada odr\u017eavanjem stru\u010dnog skupa \u2018Okru\u017eenje u integriranom kurikulumu \u2013 prostor kao poticaj za cjeloviti razvoj djeteta\u2019 21. i 22. o\u017eujka 2024. <\/li>\n\n\n\n<li><a href=\"https:\/\/www.foozos.hr\/hr\/3-medunarodna-umjetnicka-i-znanstvena-konferencija-osobe-s-invaliditetom-u-umjetnosti-znanosti-odgoju-i-obrazovanju-2\/\">3. me\u0111unarodna umjetni\u010dka i znanstvena konferencija Osobe s invaliditetom u umjetnosti, znanosti, odgoju i obrazovanju<\/a><\/li>\n\n\n\n<li>Fakultet za odgojne i obrazovne znanosti bio je suorganizator 3. me\u0111unarodne umjetni\u010dke i znanstvene konferencija Osobe s invaliditetom u umjetnosti, znanosti, odgoju i obrazovanju. Glavni organizator je Akademija za umjetnost i kulturu.<\/li>\n\n\n\n<li><a href=\"https:\/\/www.foozos.hr\/hr\/strucni-skup-pedagoga-iz-pet-slavonskih-zupanija-u-suorganizaciji-fakulteta-za-odgojne-i-obrazovne-znanosti\/\">Stru\u010dni skup pedagoga iz pet slavonskih \u017eupanija u suorganizaciji Fakulteta za odgojne i obrazovne znanosti<\/a><\/li>\n\n\n\n<li>U okviru projektnih aktivnosti voditeljice izv. prof. dr. sc. Snje\u017eane Dubovicki, a vezanih uz obilje\u017eavanje dvjestote godi\u0161njice ro\u0111enja Ivana Filipovi\u0107a, 10. studenoga 2023. godine u prostorima Gimnazije Matije Antuna Reljkovi\u0107a.<\/li>\n\n\n\n<li><a href=\"https:\/\/www.foozos.hr\/hr\/medunarodni-znanstveni-skup-o-slavonskom-dijalektu-u-okviru-kulturne-i-znanstvene-manifestacije-sokacka-ric-21\/\">Me\u0111unarodni Znanstveni skup o slavonskom dijalektu u okviru kulturne i znanstvene manifestacije \u201c\u0160oka\u010dka ri\u010d 21\u201d<\/a><\/li>\n\n\n\n<li>\u0160oka\u010dka ri\u010d, znanstvena, knji\u017eevna i kulturna manifestacija, unutar me\u0111unarodnoga Znanstvenog skupa Slavonski dijalekt, 21. put odr\u017eala se pod pokroviteljstvom ZAKUD-a, a od ove godine i uz pokroviteljstvo Ministarstva znanosti i obrazovanja.<\/li>\n\n\n\n<li><a href=\"https:\/\/www.foozos.hr\/hr\/carnet-ova-konferencija-za-korisnike-u-visokom-obrazovanju-thecuc-2023-digitalna-transformacija-visokog-obrazovanja-inovacije-za-buducnost-ucenja-i-poucavanja\/\">CARNET-ova konferencija za korisnike u visokom obrazovanju THECUC 2023 Digitalna transformacija visokog obrazovanja: inovacije za budu\u0107nost u\u010denja i pou\u010davanja<\/a><\/li>\n\n\n\n<li>Fakultet za odgojne i obrazovne znanosti Sveu\u010dili\u0161ta J. J. Strossmayera u Osijeku aktivni je sudionik CARNET-ove konferencije za korisnike u visokom obrazovanju (THE CUC).<\/li>\n\n\n\n<li><a href=\"https:\/\/www.foozos.hr\/hr\/odrzan-xi-medunarodni-znanstveni-skup-dijete-i-jezik-danas-s-temom-jezik-udzbenika-udzbenici-jezika-2\/\">Odr\u017ean XI. Me\u0111unarodni znanstveni skup Dijete i jezik danas s temom Jezik ud\u017ebenika \u2013 ud\u017ebenici jezika<\/a><\/li>\n\n\n\n<li>Dana 12. i 13. listopada 2023. godine na Fakultetu za odgojne i obrazovne znanosti odr\u017ean je XI. Me\u0111unarodni znanstveni skup Dijete i jezik danas s temom Jezik ud\u017ebenika \u2013 ud\u017ebenici jezika<\/li>\n\n\n\n<li><a href=\"https:\/\/www.foozos.hr\/hr\/dani-doktoranada-2023\/\">Dani doktoranada 2023.<\/a><\/li>\n\n\n\n<li>Znanstveni skup Dani doktoranada u organizaciji Fakulteta za odgojne i obrazovne znanosti Sveu\u010dili\u0161ta Josipa Jurja Strossmayera u Osijeku odr\u017eao se 6. i&nbsp; 7. listopada 2023. godine. <\/li>\n\n\n\n<li><a href=\"https:\/\/www.foozos.hr\/hr\/the-9th-international-scientific-colloquium-mathematics-and-children-founded-by-margita-pavlekovic\/\">The 9th International Scientific Colloquium Mathematics and Children, founded by Margita Pavlekovi\u0107<\/a><\/li>\n\n\n\n<li>Me\u0111unarodni znanstveni skup The 9th International Scientific Colloquium Mathematics and Children, founded by Margita Pavlekovi\u0107 odr\u017ean je 19. i 20. svibnja 2023. godine na Fakultetu za odgojne i obrazovne znanosti.<\/li>\n\n\n\n<li><a href=\"https:\/\/www.foozos.hr\/hr\/znanstveni-simpozij-dvjestota-obljetnica-rodenja-ivana-filipovica-1823-2023-23-24-lipnja-2023-u-osijeku-fakultet-za-odgojne-i-obrazovne-znanosti\/\">Znanstveni simpozij \u201cDvjestota obljetnica ro\u0111enja Ivana Filipovi\u0107a (1823. \u2013 2023.)\u201d 23. \u2013 24. lipnja 2023. u Osijeku, Fakultet za odgojne i obrazovne znanosti<\/a><\/li>\n\n\n\n<li>Godine 2023. navr\u0161avaju se puna dva stolje\u0107a od ro\u0111enja jednoga od najpoznatijih hrvatskih u\u010ditelja, pedagoga i organizatora hrvatskoga u\u010diteljstva i \u0161kolstva 19. stolje\u0107a. <\/li>\n\n\n\n<li><a href=\"https:\/\/www.foozos.hr\/hr\/prva-medunarodna-konferencija-kreativni-pristupi-ucenju-i-poducavanju-first-international-conference-calt-creative-approaches-to-learning-and-teaching\/\">Prva me\u0111unarodna konferencija \u201eKreativni pristupi u\u010denju i podu\u010davanju\u201c (First international conference CALT: \u201cCreative Approaches to Learning and Teaching\u201d)<\/a><\/li>\n\n\n\n<li>Prva me\u0111unarodna konferencija \u201eKreativni pristupi u\u010denju i podu\u010davanju\u201c (First&nbsp;international conference CALT: \u201cCreative Approaches to Learning and Teaching\u201d) odr\u017eana je &nbsp;24. i 25. o\u017eujka 2023. godine&nbsp;u organizaciji Fakulteta.<\/li>\n\n\n\n<li><a href=\"https:\/\/www.foozos.hr\/hr\/5-osjecki-dani-bioetike-osijek-hrvatska-7-8-11-2022\/\">5. OSJE\u010cKI DANI BIOETIKE Osijek, Hrvatska, 7. \u2013 8. 11. 2022.<\/a><\/li>\n\n\n\n<li>Centar za integrativnu bioetiku Sveu\u010dili\u0161ta Josipa Jurja Strossmayera u Osijeku, Fakultet za odgojne i obrazovne znanosti Sveu\u010dili\u0161ta Josipa Jurja Strossmayera u Osijeku i Osje\u010dka jedinica me\u0111unarodne katedre za bioetiku.<\/li>\n\n\n\n<li><a href=\"https:\/\/www.foozos.hr\/hr\/1-medunarodna-znanstveno-strucna-konferencija-kompetentni-sustavi-u-ranom-i-predskolskom-odgoju-i-obrazovanju\/\">1. me\u0111unarodna znanstveno-stru\u010dna konferencija Kompetentni sustavi u ranom i pred\u0161kolskom odgoju i obrazovanju<\/a><\/li>\n\n\n\n<li>Od 21. do 22. listopada 2022. godine u Osijeku se odr\u017eala 1. me\u0111unarodna znanstveno-stru\u010dna konferencija Kompetentni sustavi u ranom i pred\u0161kolskom odgoju i obrazovanju u organizaciji Fakulteta<\/li>\n\n\n\n<li><a href=\"https:\/\/www.foozos.hr\/hr\/dani-doktoranada-2022\/\">Dani doktoranada 2022.<\/a><\/li>\n\n\n\n<li>Fakultet za odgojne i obrazovne znanosti 7. i 8. listopada 2022. organizirao je drugi po redu znanstveni skup&nbsp; Dani doktoranada:&nbsp; Obrazovne znanosti i perspektive obrazovanja. <\/li>\n\n\n\n<li><a href=\"https:\/\/www.foozos.hr\/hr\/medunarodna-znanstvena-konferencija-didakticki-izazovi-iv-futures-studies-in-education\/\">Me\u0111unarodna znanstvena konferencija Didakti\u010dki izazovi IV: Futures studies in education<\/a><\/li>\n\n\n\n<li>Me\u0111unarodna znanstvena konferencija Didakti\u010dki izazovi IV: Futures studies in education odr\u017eana je 26. i 27. svibnja 2022. godine u organizaciji Fakulteta za odgojne i obrazovne znanosti Sveu\u010dili\u0161ta Josipa Jurja Strossmayera u Osijeku.<\/li>\n\n\n\n<li><a href=\"https:\/\/www.foozos.hr\/hr\/1st-international-online-scientific-conference-ict-in-life\/\">1st International Online Scientific Conference ICT In Life<\/a><\/li>\n\n\n\n<li>U organizaciji Fakulteta za odgojne i obrazovne znanosti Sveu\u010dili\u0161ta Josipa Jurja Strossmayera u Osijeku i Hrvatske akademije znanosti i umjetnosti, Centra za znanstveni rad u Vinkovcima, 13. svibnja 2022. <\/li>\n\n\n\n<li><a href=\"https:\/\/www.foozos.hr\/hr\/fakultet-za-odgojne-i-obrazovne-znanosti-suorganizator-medunarodne-znanstvene-konferencije-obrazovanje-u-osnovnoj-skoli-u-vrijeme-pandemije\/\">Fakultet za odgojne i obrazovne znanosti suorganizator Me\u0111unarodne znanstvene konferencije Obrazovanje u osnovnoj \u0161koli u vrijeme pandemije<\/a><\/li>\n\n\n\n<li>U subotu, 6. studenog 2021. godine odr\u017eana je putem platforme Zoom znanstvena konferencija s me\u0111unarodnim sudjelovanjem pod nazivom Obrazovanje u osnovnoj \u0161koli u vrijeme pandemije u organizaciji Pedago\u0161kog fakulteta.<\/li>\n\n\n\n<li><a href=\"https:\/\/www.foozos.hr\/hr\/4-osjecki-dani-bioetike\/\">4. OSJE\u010cKI DANI BIOETIKE<\/a><\/li>\n\n\n\n<li>Nakon jednogodi\u0161nje stanke uzrokovane pandemijom virusa COVID-19 s velikom rado\u0161\u0107u najavljujemo, sad ve\u0107 tradicionalne, Osje\u010dke dane bioetike, koji \u0107e se odr\u017eati 8. i 9. studenog 2021. u prostorima Fakulteta.<\/li>\n\n\n\n<li><a href=\"https:\/\/www.foozos.hr\/hr\/didakticki-izazovi-iv-futures-studies-in-education\/\">DIDAKTI\u010cKI IZAZOVI IV: FUTURES STUDIES IN EDUCATION<\/a><\/li>\n\n\n\n<li>DIDAKTI\u010cKI IZAZOVI IV: FUTURES STUDIES IN EDUCATION Osijek (Hrvatska), 26. \u2013 27. svibnja 2022.&nbsp; &nbsp; &nbsp; &nbsp; &nbsp; &nbsp; &nbsp; &nbsp; &nbsp; &nbsp; &nbsp; &nbsp; &nbsp; &nbsp; <\/li>\n\n\n\n<li><a href=\"https:\/\/www.foozos.hr\/hr\/4-osjecki-dani-bioetike-osijek-hrvatska-8-9-11-2021\/\">4. OSJE\u010cKI DANI BIOETIKE Osijek, Hrvatska, 8. \u2013 9. 11. 2021.<\/a><\/li>\n\n\n\n<li>CENTAR ZA INTEGRATIVNU BIOETIKU SVEU\u010cILI\u0160TA JOSIPA JURJA STROSSMAYERA U OSIJEKU FAKULTET ZA ODGOJNE I OBRAZOVNE ZNANOSTI SVEU\u010cILI\u0160TA JOSIPA JURJA STROSSMAYERA U OSIJEKU &nbsp; <\/li>\n\n\n\n<li><a href=\"https:\/\/www.foozos.hr\/hr\/fakultet-za-odgojne-i-obrazovne-znanosti-suorganizator-3-znanstveno-strucnog-skupa-filozofija-izmedu-znanosti-i-religije\/\">Fakultet za odgojne i obrazovne znanosti suorganizator 3. znanstveno-stru\u010dnog skupa \u201eFilozofija izme\u0111u znanosti i religije\u201c<\/a><\/li>\n\n\n\n<li>Od 31. svibnja do 2. lipnja 2019. godine, u Parku prirode Papuk, u Planinarskom domu Jankovac, odr\u017eat \u0107e se 3. znanstveno-stru\u010dni skup \u00bbFilozofija izme\u0111u znanosti i religije\u00ab<\/li>\n\n\n\n<li><a href=\"https:\/\/www.foozos.hr\/hr\/3-osjecki-dani-bioetike-osijek-hrvatska-11-12-11-2019\/\">3. OSJE\u010cKI DANI BIOETIKE, Osijek, Hrvatska, 11.-12.11.2019.<\/a><\/li>\n\n\n\n<li>Poziv za prijavu sudjelovanja na konferenciji \u201cBioetika i sport\u201d Obrazac za prijavu sudjelovanja na konferenciji \u201cBioetika i sport\u201d<\/li>\n\n\n\n<li><a href=\"https:\/\/www.foozos.hr\/hr\/dijete-i-jezik-danas-2019\/\">Dijete i jezik danas 2019<\/a><\/li>\n\n\n\n<li><a href=\"https:\/\/www.foozos.hr\/hr\/1st-thematic-echa-conference\/\">1st Thematic ECHA Conference<\/a><\/li>\n\n\n\n<li>The specific theme of the conference is&nbsp;CREATIVITY. The scientific studies of creativity, its relationship with innovation, and the established field of giftedness studies.<\/li>\n\n\n\n<li><a href=\"https:\/\/www.foozos.hr\/hr\/5-medunarodna-znanstvena-konferenciju-od-aktivnog-djetinjstva-do-zdravog-starenja\/\">5. me\u0111unarodna znanstvena konferenciju \u201eOd aktivnog djetinjstva do zdravog starenja\u201c<\/a><\/li>\n\n\n\n<li>From Active Childhood to Healthy Aging aims to provide the latest scientific and professional insights, present recent findings and share experiences in exercise and health sciences, with a special emphasis.<\/li>\n\n\n\n<li><a href=\"https:\/\/www.foozos.hr\/hr\/7-medunarodni-znanstveni-kolokvij-mathematics-and-children\/\">7. me\u0111unarodni znanstveni kolokvij Mathematics and Children<\/a><\/li>\n\n\n\n<li>The purpose of the Colloquium is a scientific discussion about the position and the role of a mathematics teacher in accordance with the higher accessibility and implementation of the new<\/li>\n\n\n\n<li><a href=\"https:\/\/www.foozos.hr\/hr\/sesti-medunarodni-simpozij-glazbenih-pedagoga\/\">\u0160esti me\u0111unarodni simpozij glazbenih pedagoga<\/a><\/li>\n\n\n\n<li>GLAZBA U \u0160KOLI \u2013 STANJE I PERSPEKTIVE Me\u0111unarodni simpozij glazbenih pedagoga priznat je me\u0111unarodni skup kojega je utemeljio pulski Odjel za glazbu (dana\u0161nja Muzi\u010dka akademija u Puli) Sveu\u010dili\u0161ta Jurja Dobrile u Puli.<\/li>\n\n\n\n<li><a href=\"https:\/\/www.foozos.hr\/hr\/didakticki-izazovi-iii-didakticka-retrospektiva-i-perspektiva\/\">Didakti\u010dki izazovi III: didakti\u010dka retrospektiva i perspektiva<\/a><\/li>\n\n\n\n<li>Cilj je Konferencije potaknuti nove pristupe glavnim didakti\u010dkim izazovima i prijedloge novih rje\u0161enja problema kroz raspravu i znanstvena istra\u017eivanja. <\/li>\n<\/ul>","protected":false},"excerpt":{"rendered":"","protected":false},"author":4,"featured_media":0,"parent":0,"menu_order":0,"comment_status":"closed","ping_status":"closed","template":"","meta":{"footnotes":""},"class_list":["post-5849","page","type-page","status-publish","hentry"],"_links":{"self":[{"href":"https:\/\/www.foozos.hr\/en\/wp-json\/wp\/v2\/pages\/5849","targetHints":{"allow":["GET"]}}],"collection":[{"href":"https:\/\/www.foozos.hr\/en\/wp-json\/wp\/v2\/pages"}],"about":[{"href":"https:\/\/www.foozos.hr\/en\/wp-json\/wp\/v2\/types\/page"}],"author":[{"embeddable":true,"href":"https:\/\/www.foozos.hr\/en\/wp-json\/wp\/v2\/users\/4"}],"replies":[{"embeddable":true,"href":"https:\/\/www.foozos.hr\/en\/wp-json\/wp\/v2\/comments?post=5849"}],"version-history":[{"count":0,"href":"https:\/\/www.foozos.hr\/en\/wp-json\/wp\/v2\/pages\/5849\/revisions"}],"wp:attachment":[{"href":"https:\/\/www.foozos.hr\/en\/wp-json\/wp\/v2\/media?parent=5849"}],"curies":[{"name":"wp","href":"https:\/\/api.w.org\/{rel}","templated":true}]}}