{"id":6026,"date":"2024-12-05T08:48:02","date_gmt":"2024-12-05T07:48:02","guid":{"rendered":"https:\/\/www.foozos.hr\/?page_id=6026"},"modified":"2026-01-11T15:39:37","modified_gmt":"2026-01-11T14:39:37","slug":"department-of-pedagogy-history-and-philosophy","status":"publish","type":"page","link":"https:\/\/www.foozos.hr\/en\/department-of-pedagogy-history-and-philosophy\/","title":{"rendered":"Department of Pedagogy, History and Philosophy"},"content":{"rendered":"<p><p style=\"text-align: justify;\">In order to secure personal success, it is essential to keep up with the constant scientific developments and technological innovations. Therefore, the Faculty of Education recognises the lifelong learning as a form of social engagement with the increasing importance. The Department for Lifelong Learning was established at the Faculty Council on September 22th, 2010, and since October 1st 2020 it has been called the Department for Pedagogy, History and Philosophy.<\/p><\/p>\n\n\n\n<p><p style=\"text-align: justify;\">Initiatives conducted by the Department are aimed at increasing the level of education of citizens: by presenting research results and knowledge dissemination. The popularization of science aims to raise awareness of the general public about the importance of knowledge in the changing circumstances of social and economic relations. Even if those activities are not part of formal education that ends with qualifications, they contribute to our visibility. By creating study programmes that enable employment, the Faculty provides the opportunity for our students to complete initial education and acquire qualification, or change their occupation, or better their skills. The pedagogical-psychological and didactic-methodological training, that has been conducted by the Faculty is an example of lifelong learning and education that allows students to master the knowledge, expand their abilities and improve the skills necessary for the teaching profession.<\/p><\/p>\n\n\n\n<p><p style=\"text-align: justify;\">The principle of lifelong learning is also prescribed by the Law on Adult Education in the Republic of Croatia, which is based on the principles of lifelong learning, rational use of educational opportunities, relative access to education for all under equal conditions, autonomy in choosing ways, contents, form, means and methods of education. diversity and inclusion, professional and moral responsibilities of employees, etc.<\/p><\/p>\n\n\n\n<p><p style=\"text-align: justify;\">The Department of Pedagogy, History and Philosophy is divided into two sub-departments: Sub-department of Pedagogy and Sub-department of Philosophy and History.<\/p><\/p>\n\n\n\n<p><p style=\"text-align: justify;\"><strong>Head of Department<\/strong><\/p><\/p>\n\n\n<div ><style>#sp-ea-6455 .spcollapsing { height: 0; overflow: hidden; transition-property: height;transition-duration: 300ms;}#sp-ea-6455.sp-easy-accordion>.sp-ea-single {margin-bottom: 10px; border: 1px solid #e2e2e2; }#sp-ea-6455.sp-easy-accordion>.sp-ea-single>.ea-header a {color: #444;}#sp-ea-6455.sp-easy-accordion>.sp-ea-single>.sp-collapse>.ea-body {background: #fff; color: #444;}#sp-ea-6455.sp-easy-accordion>.sp-ea-single {background: #eee;}#sp-ea-6455.sp-easy-accordion>.sp-ea-single>.ea-header a .ea-expand-icon { float: left; color: #444;font-size: 16px;}<\/style><div id=\"sp_easy_accordion-1733742224\"><div id=\"sp-ea-6455\" class=\"sp-ea-one sp-easy-accordion\" data-ea-active=\"ea-click\" data-ea-mode=\"vertical\" data-preloader=\"\" data-scroll-active-item=\"\" data-offset-to-scroll=\"0\"><div class=\"ea-card sp-ea-single\"><h3 class=\"ea-header\"><a class=\"collapsed\" id=\"ea-header-64550\" role=\"button\" data-sptoggle=\"spcollapse\" data-sptarget=\"#collapse64550\" aria-controls=\"collapse64550\" href=\"#\" aria-expanded=\"false\" tabindex=\"0\"><i aria-hidden=\"true\" role=\"presentation\" class=\"ea-expand-icon eap-icon-ea-expand-plus\"><\/i> Snje\u017eana Dubovicki, Associate Professor, Ph.D.<\/a><\/h3><div class=\"sp-collapse spcollapse spcollapse\" id=\"collapse64550\" data-parent=\"#sp-ea-6455\" role=\"region\" aria-labelledby=\"ea-header-64550\"> <div class=\"ea-body\"><p><img loading=\"lazy\" decoding=\"async\" class=\"alignnone size-medium wp-image-5014\" src=\"https:\/\/www.foozos.hr\/wp-content\/uploads\/2024\/12\/Dubovicki-211x300.jpg\" alt=\"\" width=\"211\" height=\"300\" srcset=\"https:\/\/www.foozos.hr\/wp-content\/uploads\/2024\/12\/Dubovicki-211x300.jpg 211w, https:\/\/www.foozos.hr\/wp-content\/uploads\/2024\/12\/Dubovicki-720x1024.jpg 720w, https:\/\/www.foozos.hr\/wp-content\/uploads\/2024\/12\/Dubovicki-768x1092.jpg 768w, https:\/\/www.foozos.hr\/wp-content\/uploads\/2024\/12\/Dubovicki-300x426.jpg 300w, https:\/\/www.foozos.hr\/wp-content\/uploads\/2024\/12\/Dubovicki-600x853.jpg 600w, https:\/\/www.foozos.hr\/wp-content\/uploads\/2024\/12\/Dubovicki.jpg 807w\" sizes=\"auto, (max-width: 211px) 100vw, 211px\" \/><\/p><table><tbody><tr><td width=\"20%\"><p>Name and Surname<\/p><\/td><td width=\"80%\"><p style=\"text-align: center\"><strong>Snje\u017eana Dubovicki, Ph.D.<br \/><\/strong><\/p><\/td><\/tr><tr><td width=\"20%\"><p>Title<\/p><\/td><td width=\"80%\"><p style=\"text-align: center\"><strong>Associate Professor<\/strong><\/p><\/td><\/tr><tr><td width=\"20%\"><p>E-mail<\/p><\/td><td width=\"80%\"><p><a href=\"mailto:sdubovicki@foozos.hr\">sdubovicki@foozos.hr<\/a><\/p><p><a href=\"mailto:sdubovicki@gmail.com\">sdubovicki@gmail.com<\/a><\/p><\/td><\/tr><tr><td width=\"20%\"><p>Office<\/p><\/td><td width=\"80%\"><p>office number 58<\/p><\/td><\/tr><tr><td width=\"20%\"><p>Research interests<\/p><\/td><td width=\"80%\"><p style=\"text-align: justify\">Her scientific interest is focused on curriculum research, teaching at all levels of education (with particular emphasis on university teaching and lifelong learning), creativity, self-actualization, emotions in teaching, methodology and qualitative and futurology research methods.<\/p><\/td><\/tr><tr><td width=\"20%\"><p>&nbsp;<\/p><\/td><td width=\"80%\"><p style=\"text-align: justify\">Snje\u017eana Dubovicki, Ph.D., Assis. Prof., was born in 1984 in Osijek (Croatia). She got her Ph.D. in 2013 at Faculty of Humanities and Social Sciences of the University of Zagreb (Croatia) with the topic &#8220;<em>Correlation between the Curriculum of Teacher Education and Student Creativity Development<\/em>.\u201d In 2015 she was elected as Assistant Professor. She started working at the Faculty of Education in Osijek at December 1st 2008. At this Faculty, she participates in the teaching of several pedagogical-didactic and methodological courses. She published a <a title=\"university textbook\" href=\"http:\/\/bib.irb.hr\/prikazi-rad?&amp;rad=859972\">university textbook<\/a>, <a title=\"two scientific monographs\" href=\"http:\/\/bib.irb.hr\/prikazi-rad?&amp;rad=806781\">two scientific monographs<\/a> and numerous scientific papers. She spoke at numerous international scientific and professional conferences in Croatia and abroad (Japan, United Arab Emirates, Italy, Hungary, Serbia, Bosnia and Herzegovina).<\/p><p style=\"text-align: justify\">In 2017, during a study trip to the United Kingdom, she visited elementary and pre-school institutions. Within the CEEPUS program, of the academic year 2018\/2019, she was a visiting professor for two weeks at the Faculty of Philosophy in Tuzla (Bosnia and Herzegovina), where she taught Didactics to students of pedagogy, psychology, classroom teaching and pre-school education.<\/p><p style=\"text-align: justify\">Between 2009 and 2014 she was actively involved in the scientific project <em>&#8220;Development of Creativity in the Life-long Learning of Teachers&#8221;<\/em> (245-1221170-1063). In 2018, at the Faculty of Education and in co-operation with the Agency for Education, she organized an education class themed &#8220;Playtime in Teaching&#8221;. She is a member of the working group for analyzing and preparing curricula on the topic of children\u00b4s well-being within the two-year project <em>&#8220;Subjective child well-being in Croatia&#8221; <\/em>(2018-2020) of the Study Center of Social Work (University of Zagreb, Faculty of Law, leader: Marina Ajdukovi\u0107, Ph.D., Full Professor with Tenure), in cooperation with UNICEF Office for Croatia, Children\u00b4s World: The International Survey of Children\u00b4s Well-Being (ISCWeB). She is a member of the Organizing Committe of <em>Didactic Challenges II<\/em> (<a title=\"https:\/\/didactic-challenges0.webnode.hr\/didactic-challenges-ii\/\" href=\"https:\/\/didactic-challenges0.webnode.hr\/didactic-challenges-ii\/\">https:\/\/didactics-challenges0.webnode.hr\/didactic-challenges-ii\/<\/a>), <em>Didactic Challenges III<\/em> (<a title=\"https:\/\/didactic-challenges0.webnode.hr\/\" href=\"https:\/\/didactic-challenges0.webnode.hr\/\">https:\/\/didactic-challenges0.webnode.hr\/<\/a>). She was the executive editor of the journal Life and School (<a title=\"https:\/\/hrcak.srce.hr\/zivot-i-skola\" href=\"https:\/\/hrcak.srce.hr\/zivot-i-skola\">https:\/\/hrcak.srce.hr\/zivot-i-skola<\/a>). She is a member of the Croatian pedagogical Society (HPD) and the Croatian Andragogy Society (HDA). Since October 2018 she has been employed as Vice Dean for development and frofessional work by the Faculty of Education in Osijek.<\/p><\/td><\/tr><tr><td width=\"20%\"><p>List of publications (CroRIS link)<\/p><\/td><td style=\"text-align: center\" width=\"80%\"><a role=\"link\" href=\"https:\/\/www.croris.hr\/osobe\/profil\/28158\">CroRIS &#8211; Snje\u017eana Dubovicki<\/a><\/td><\/tr><\/tbody><\/table><\/div><\/div><\/div><\/div><\/div><\/div>\n\n\n<p><br>\n<strong>Members of Department:<\/strong><\/p>\n\n\n<div ><style>#sp-ea-6456 .spcollapsing { height: 0; overflow: hidden; transition-property: height;transition-duration: 300ms;}#sp-ea-6456.sp-easy-accordion>.sp-ea-single {margin-bottom: 10px; border: 1px solid #e2e2e2; }#sp-ea-6456.sp-easy-accordion>.sp-ea-single>.ea-header a {color: #444;}#sp-ea-6456.sp-easy-accordion>.sp-ea-single>.sp-collapse>.ea-body {background: #fff; color: #444;}#sp-ea-6456.sp-easy-accordion>.sp-ea-single {background: #eee;}#sp-ea-6456.sp-easy-accordion>.sp-ea-single>.ea-header a .ea-expand-icon { float: left; color: #444;font-size: 16px;}<\/style><div id=\"sp_easy_accordion-1733742255\"><div id=\"sp-ea-6456\" class=\"sp-ea-one sp-easy-accordion\" data-ea-active=\"ea-click\" data-ea-mode=\"vertical\" data-preloader=\"\" data-scroll-active-item=\"\" data-offset-to-scroll=\"0\"><div class=\"ea-card sp-ea-single\"><h3 class=\"ea-header\"><a class=\"collapsed\" id=\"ea-header-64560\" role=\"button\" data-sptoggle=\"spcollapse\" data-sptarget=\"#collapse64560\" aria-controls=\"collapse64560\" href=\"#\" aria-expanded=\"false\" tabindex=\"0\"><i aria-hidden=\"true\" role=\"presentation\" class=\"ea-expand-icon eap-icon-ea-expand-plus\"><\/i> Damir Matanovi\u0107, Full Professor with tenure, Ph.D.<\/a><\/h3><div class=\"sp-collapse spcollapse spcollapse\" id=\"collapse64560\" data-parent=\"#sp-ea-6456\" role=\"region\" aria-labelledby=\"ea-header-64560\"> <div class=\"ea-body\"><table><tbody><tr><td width=\"20%\"><p>Name and surname<\/p><\/td><td width=\"80%\"><p style=\"text-align: center\"><strong>Damir Matanovi\u0107, Ph.D.<\/strong><\/p><\/td><\/tr><tr><td><p>Title \/ Position<\/p><\/td><td><p style=\"text-align: center\"><strong>Full professor with tenure<br \/><\/strong><\/p><p style=\"text-align: center\"><strong>Vice-Rector for Teaching and Students<\/strong><\/p><\/td><\/tr><tr><td><p>E-mail<\/p><\/td><td><p><a href=\"mailto:dmatanovic@foozos.hr\">dmatanovic@foozos.hr<\/a><\/p><\/td><\/tr><tr><td><p>Office number<\/p><\/td><td><p>27<\/p><\/td><\/tr><tr><td><p>Research interests<\/p><\/td><td><p>National history<\/p><\/td><\/tr><tr><td><p>&nbsp;<\/p><\/td><td><p style=\"text-align: justify\">Damir Matanovi\u0107 was born on 25 July 1970 in Vinkovci. He attended primary school in Bo\u0161njaci, and finished mathematical and IT grammar school in \u017dupanja. In 1996 he completed two-subject studies in comparative literature and history at the Faculty of Philosophy in Zagreb with graduation thesis <em>Everyday life in Slavonia in the 18th century.<\/em><\/p><p style=\"text-align: justify\">In 2000 he completed postgraduate studies of history at the Faculty of Philosophy in Zagreb with master&#8217;s thesis <em>Companies of Brod regiment<\/em>. He defended his doctoral thesis at the same Faculty in 2003, mentored by Dr Filip Potrebica, full professor, titled <em>Military community Brod at Sava<\/em>.<em> Social and economic structure of a military border city 1753-1848<\/em>).<\/p><p style=\"text-align: justify\">Damir Matanovi\u0107 has been working for nineteen years in the system of science and higher education at the Croatian Institute of History, Faculty of Education of the Josip Juraj Strossmayer University in Osijek. He taught history courses as an external associate at the Faculty of Pedagogy of Josip Juraj Strossmayer University of Osijek, Centre for Croatian Studies in Zagreb, Department of Cultural Studies of Josip Juraj Strossmayer University in Osijek and Etvos Jozsef Foiskoli in Baja, Hungary.<\/p><p style=\"text-align: justify\">He also worked for the publishing houses Fraktura and Hena-com Zagreb as an external associate. From 1997 to 2008 he worked at the Croatian Institute of History as a postdoctoral researcher and research associate. He acquired the title of teaching assistant in 2000 at the Croatian Institute of History. At the same institution he was elected senior assistant, and in 2004 by decision of Scientific field committee for humanities \u2013 scientific field history he was elected scientific associate.<\/p><p style=\"text-align: justify\">By decision of Scientific field committee for humanities \u2013 scientific field history- he was elected senior research associate, and by decision of the Faculty council of the Faculty of education in Osijek he was elected the scientific teaching grade associate professor and the corresponding position for humanities, scientific field history, scientific discipline national history.<\/p><p style=\"text-align: justify\">He has been employed at the Faculty of teacher education, the legal predecessor of the Faculty of Education of Josip Juraj Strossmayer University in Osijek, since 15 April 2008.<\/p><p style=\"text-align: justify\"><span style=\"font-family: inherit;font-size: inherit\">Since the 2013\/2014 academic year, he served as the Acting Dean, from the 2014\/2015 academic year until the 2021\/2022 academic year he held the position of Dean of the Faculty of Educational Sciences, and since the 2022\/2023 academic year, he has been serving as the Vice-Rector for Organization and Human Resources. Since the 2025\/2026 academic year, he has been serving as the Vice-Rector for Teaching and Students.<\/span><\/p><\/td><\/tr><tr><td><p>List of publications (CroRIS link)<\/p><\/td><td style=\"text-align: center\"><a role=\"link\" href=\"https:\/\/www.croris.hr\/osobe\/profil\/4813\">CroRIS &#8211; Damir Matanovi\u0107<\/a><\/td><\/tr><\/tbody><\/table><\/div><\/div><\/div><\/div><\/div><\/div>\n\n<div ><style>#sp-ea-6476 .spcollapsing { height: 0; overflow: hidden; transition-property: height;transition-duration: 300ms;}#sp-ea-6476.sp-easy-accordion>.sp-ea-single {margin-bottom: 10px; border: 1px solid #e2e2e2; }#sp-ea-6476.sp-easy-accordion>.sp-ea-single>.ea-header a {color: #444;}#sp-ea-6476.sp-easy-accordion>.sp-ea-single>.sp-collapse>.ea-body {background: #fff; color: #444;}#sp-ea-6476.sp-easy-accordion>.sp-ea-single {background: #eee;}#sp-ea-6476.sp-easy-accordion>.sp-ea-single>.ea-header a .ea-expand-icon { float: left; color: #444;font-size: 16px;}<\/style><div id=\"sp_easy_accordion-1733742874\"><div id=\"sp-ea-6476\" class=\"sp-ea-one sp-easy-accordion\" data-ea-active=\"ea-click\" data-ea-mode=\"vertical\" data-preloader=\"\" data-scroll-active-item=\"\" data-offset-to-scroll=\"0\"><div class=\"ea-card sp-ea-single\"><h3 class=\"ea-header\"><a class=\"collapsed\" id=\"ea-header-64760\" role=\"button\" data-sptoggle=\"spcollapse\" data-sptarget=\"#collapse64760\" aria-controls=\"collapse64760\" href=\"#\" aria-expanded=\"false\" tabindex=\"0\"><i aria-hidden=\"true\" role=\"presentation\" class=\"ea-expand-icon eap-icon-ea-expand-plus\"><\/i> Edita Bori\u0107, Full Professor with tenure, Ph.D.<\/a><\/h3><div class=\"sp-collapse spcollapse spcollapse\" id=\"collapse64760\" data-parent=\"#sp-ea-6476\" role=\"region\" aria-labelledby=\"ea-header-64760\"> <div class=\"ea-body\"><p style=\"text-align: justify\"><img loading=\"lazy\" decoding=\"async\" src=\"https:\/\/www.foozos.hr\/wp-content\/uploads\/2024\/06\/EDITA_BORIC-199x300.jpeg\" alt=\"\" width=\"199\" height=\"300\" \/><\/p><table style=\"width: 100%;height: 965px\" width=\"638\" cellspacing=\"0\" cellpadding=\"7\"><tbody><tr style=\"height: 83px\" valign=\"top\"><td style=\"height: 83px\"><p align=\"left\">First and last name<\/p><\/td><td style=\"text-align: center;height: 83px\"><p align=\"left\">Edita Bori\u0107, Ph.D.<\/p><\/td><\/tr><tr style=\"height: 59px\" valign=\"top\"><td style=\"height: 59px\"><p align=\"left\">Profession<\/p><\/td><td style=\"text-align: center;height: 59px\"><p align=\"left\">Full professor with tenure<\/p><\/td><\/tr><tr style=\"height: 59px\" valign=\"top\"><td style=\"height: 59px\"><p align=\"left\">Email<\/p><\/td><td style=\"text-align: center;height: 59px\"><p align=\"left\">eboric@foozos.hr<\/p><\/td><\/tr><tr style=\"height: 59px\" valign=\"top\"><td style=\"height: 59px\"><p align=\"left\">Office number<\/p><\/td><td style=\"height: 59px\"><p style=\"text-align: center\" align=\"left\">45<\/p><\/td><\/tr><tr style=\"height: 83px\" valign=\"top\"><td style=\"height: 83px\"><p align=\"left\">Research interests<\/p><\/td><td style=\"height: 83px\"><p style=\"text-align: justify\" align=\"left\">She is an expert in teacher education in the fields of pedagogical competencies, sustainable development, entrepreneurship in education, learning outcomes, as well as student-centered teaching, teaching quality, research-based teaching, and environmental education.<\/p><\/td><\/tr><tr style=\"height: 515px\" valign=\"top\"><td style=\"height: 515px\"><p align=\"left\">Curriculum vitae (up to 300 words)<\/p><\/td><td style=\"height: 515px\"><p style=\"text-align: justify\" align=\"left\">Edita Bori\u0107 holds a master&#8217;s degree from the Faculty of Science, University of Zagreb, in natural sciences, scientific field of biology, branch of microbiology. She holds a doctorate degree from the Faculty of Biotechnology, University of Ljubljana, in interdisciplinary scientific fields: the scientific field of natural sciences, the field of biology, the scientific field of social sciences, the field of pedagogy. She also trained to conduct external audits of higher education institutions. She completed training in Zagreb to become a child expert, which consisted of four modules: Emotional development and support, Children with special needs, Therapeutic play and Cooperation with parents (2016-2017) and the Greenway winter school education at the University of P\u00e9cs.<br \/>She has cooperated with the Faculty of Pedagogy of the University of Maribor, the Faculty of Social Sciences of the University of Trnava, the Faculty of Philosophy of the University of Tuzla, the University of Novi Sad, the J\u00f6zsef E\u00f6tv\u00f6s University in Baja, etc. for many years.<br \/>She was an invited visiting professor as part of the project (INOVUP) &#8220;Involvement of visiting foreign experts and university teachers in the pedagogical process as a pillar of the quality development process of internationalization of the University of Maribor&#8221;.<br \/>She was the leader or collaborator of several scientific research projects: Biological research of the Kopa\u010dki rit Special Zoological Reserve; Water protection of the Kopa\u010dki rit Reserve; Teaching focused on research and action; Encouraging environmental education of young people in Eastern Slavonia; Competencies in teaching Science and Biology; Orientation of Science teaching to student achievement levels. She was the head of the Slovenian and Croatian bilateral project Cultural heritage in the primary education of Slovenia and Croatia, as well as the NATURAVITA project for the creation of educational programs and manuals for education in nature.<br \/>She is the president and head of the postgraduate university doctoral study program Educational Sciences and Perspectives of Education at FOOZOS. She is the deputy president of the postgraduate university specialist study program Sustainable and Circular Bioeconomy.<br \/>She is the editor-in-chief of the journal Life and School, which publishes scientific and professional papers with the aim of improving the theory and practice of education. She is the president of the examination committees for taking professional exams in Nature and Society for Teachers. She was the vice dean for teaching at the Faculty of Teacher Education in Osijek.<br \/>She is a permanent court expert in the fields of biology and pedagogy.<\/p><\/td><\/tr><tr style=\"height: 107px\" valign=\"top\"><td style=\"height: 107px\"><p align=\"left\">List of publications (link to CroRIS)<\/p><\/td><td style=\"height: 107px\"><p align=\"left\"><a href=\"http:\/\/bib.irb.hr\/lista-radova?autor=312451\"><br \/><\/a><a role=\"link\" href=\"https:\/\/www.croris.hr\/osobe\/profil\/13505\">CroRIS &#8211; Edita Bori\u0107<\/a><\/p><\/td><\/tr><\/tbody><\/table><\/div><\/div><\/div><\/div><\/div><\/div>\n\n<div ><style>#sp-ea-6457 .spcollapsing { height: 0; overflow: hidden; transition-property: height;transition-duration: 300ms;}#sp-ea-6457.sp-easy-accordion>.sp-ea-single {margin-bottom: 10px; border: 1px solid #e2e2e2; }#sp-ea-6457.sp-easy-accordion>.sp-ea-single>.ea-header a {color: #444;}#sp-ea-6457.sp-easy-accordion>.sp-ea-single>.sp-collapse>.ea-body {background: #fff; color: #444;}#sp-ea-6457.sp-easy-accordion>.sp-ea-single {background: #eee;}#sp-ea-6457.sp-easy-accordion>.sp-ea-single>.ea-header a .ea-expand-icon { float: left; color: #444;font-size: 16px;}<\/style><div id=\"sp_easy_accordion-1733742288\"><div id=\"sp-ea-6457\" class=\"sp-ea-one sp-easy-accordion\" data-ea-active=\"ea-click\" data-ea-mode=\"vertical\" data-preloader=\"\" data-scroll-active-item=\"\" data-offset-to-scroll=\"0\"><div class=\"ea-card sp-ea-single\"><h3 class=\"ea-header\"><a class=\"collapsed\" id=\"ea-header-64570\" role=\"button\" data-sptoggle=\"spcollapse\" data-sptarget=\"#collapse64570\" aria-controls=\"collapse64570\" href=\"#\" aria-expanded=\"false\" tabindex=\"0\"><i aria-hidden=\"true\" role=\"presentation\" class=\"ea-expand-icon eap-icon-ea-expand-plus\"><\/i> Maja Brust Nemet, Vice dean for science, Associate Professor, Ph.D.<\/a><\/h3><div class=\"sp-collapse spcollapse spcollapse\" id=\"collapse64570\" data-parent=\"#sp-ea-6457\" role=\"region\" aria-labelledby=\"ea-header-64570\"> <div class=\"ea-body\"><p><img decoding=\"async\" src=\"https:\/\/www.foozos.hr\/wp-content\/uploads\/2024\/06\/MAJA_BRUST_NEMET-191x300.jpg\" \/><\/p><table style=\"width: 100%;height: 819px\" width=\"638\" cellspacing=\"0\" cellpadding=\"7\"><tbody><tr style=\"height: 60px\" valign=\"top\"><td style=\"height: 60px\" width=\"113\"><p style=\"text-align: justify\" align=\"left\"><span style=\"font-family: arial, helvetica, sans-serif\">First and last name<\/span><\/p><\/td><td style=\"text-align: justify;height: 60px\" width=\"496\"><p style=\"text-align: center\" align=\"left\"><strong><span style=\"font-family: arial, helvetica, sans-serif\">Maja Brust Nemet, Ph.D.<\/span><\/strong><\/p><\/td><\/tr><tr style=\"text-align: justify\" valign=\"top\"><td style=\"height: 109px\" width=\"113\"><p align=\"left\"><span style=\"font-family: arial, helvetica, sans-serif\">Profession<\/span><\/p><\/td><td style=\"height: 109px\" width=\"496\"><p style=\"text-align: center\" align=\"left\"><strong><span style=\"font-family: arial, helvetica, sans-serif\">Associate Professor<\/span><\/strong><\/p><p style=\"text-align: center\" align=\"left\"><strong><span style=\"font-family: arial, helvetica, sans-serif\">Vice dean for science<\/span><\/strong><\/p><\/td><\/tr><tr style=\"text-align: justify\" valign=\"top\"><td style=\"height: 60px\" width=\"113\"><p align=\"left\"><span style=\"font-family: arial, helvetica, sans-serif\">Email<\/span><\/p><\/td><td style=\"height: 60px\" width=\"496\"><p align=\"left\"><span style=\"font-family: arial, helvetica, sans-serif\">mbrust@foozos.hr<\/span><\/p><\/td><\/tr><tr style=\"text-align: justify\" valign=\"top\"><td style=\"height: 60px\" width=\"113\"><p align=\"left\"><span style=\"font-family: arial, helvetica, sans-serif\">Office number<\/span><\/p><\/td><td style=\"height: 60px\" width=\"496\"><p style=\"text-align: justify\" align=\"left\"><span style=\"font-family: arial, helvetica, sans-serif\">Vice dean\u2019s office and office no. 58<\/span><\/p><\/td><\/tr><tr style=\"text-align: justify\" valign=\"top\"><td style=\"height: 85px\" width=\"113\"><p align=\"left\"><span style=\"font-family: arial, helvetica, sans-serif\">Research interests<\/span><\/p><\/td><td style=\"height: 85px\" width=\"496\"><p style=\"text-align: justify\" align=\"left\"><span style=\"font-family: arial, helvetica, sans-serif\">Pedagogy, Professional Development of Teachers, Teacher Competencies, Classroom Management, School Culture, Projects in Educational Institutions, Methodology of Pedagogical Research<\/span><\/p><\/td><\/tr><tr style=\"text-align: justify\" valign=\"top\"><td style=\"height: 335px\" width=\"113\"><p align=\"left\"><span style=\"font-family: arial, helvetica, sans-serif\">Curriculum vitae (up to 300 words)<\/span><\/p><\/td><td style=\"height: 335px\" width=\"496\"><p style=\"text-align: justify\" align=\"left\"><span style=\"font-family: arial, helvetica, sans-serif\">Maja Brust Nemet was born in Osijek in 1984. She studied pedagogy and Croatian language and Literature at the Faculty of Humanities and Social Sciences in Osijek and she graduated in 2007. In 2015, she received her PhD in the scientific field of Social sciences, Pedagogy, from the Faculty of Humanities and Social Sciences, University of Zagreb defending the dissertation <i>Socio-Pedagogical Competences of Teachers in the Contemporary School Culture Curriculum<\/i>. From September 2007 to October 2008 she worked as a pedagogue in the elementary school Josipovac. Since November 2008, she has worked as a Teaching Assistant, from July 2018 as a Senior Assistant at the Faculty of Education, from 2017 as an Assistant Professor, and from February 2023 until today as an associate professor at the Department of Pedagogy, History and Philosophy at the Faculty of Education in Osijek. From October 2018 to 2022, she held the position of head of the Department for Pedagogy, History, and Philosophy, as well as the Center for Career Development of Students. From 2022 until today, she holds the position of vice dean for science. She has participated in more than 50 national and international scientific and vocational conferences. In addition to papers published in the proceedings of conferences, she co-authored and published a scientific book and approx. 40 scientific papers.<\/span><\/p><\/td><\/tr><tr style=\"text-align: justify\" valign=\"top\"><td style=\"height: 110px\" width=\"113\"><p align=\"left\"><span style=\"font-family: arial, helvetica, sans-serif\">List of publications (link to CroRIS)<\/span><\/p><\/td><td style=\"height: 110px\" width=\"496\"><p style=\"text-align: center\" align=\"left\"><span style=\"font-family: arial, helvetica, sans-serif\"><span style=\"color: #0563c1\"><u><a href=\"https:\/\/www.croris.hr\/osobe\/profil\/28194\">CroRIS Maja Brust Nemet<\/a><a href=\"http:\/\/bib.irb.hr\/lista-radova?autor=312451\"><\/p><p><\/a><\/u><\/span> <a href=\"http:\/\/bib.irb.hr\/lista-radova?autor=312451\"><span style=\"color: #0563c1\"><u><br \/><\/u><\/span><\/a><\/span><\/p><\/td><\/tr><\/tbody><\/table><\/div><\/div><\/div><\/div><\/div><\/div>\n\n<div ><style>#sp-ea-6458 .spcollapsing { height: 0; overflow: hidden; transition-property: height;transition-duration: 300ms;}#sp-ea-6458.sp-easy-accordion>.sp-ea-single {margin-bottom: 10px; border: 1px solid #e2e2e2; }#sp-ea-6458.sp-easy-accordion>.sp-ea-single>.ea-header a {color: #444;}#sp-ea-6458.sp-easy-accordion>.sp-ea-single>.sp-collapse>.ea-body {background: #fff; color: #444;}#sp-ea-6458.sp-easy-accordion>.sp-ea-single {background: #eee;}#sp-ea-6458.sp-easy-accordion>.sp-ea-single>.ea-header a .ea-expand-icon { float: left; color: #444;font-size: 16px;}<\/style><div id=\"sp_easy_accordion-1733742328\"><div id=\"sp-ea-6458\" class=\"sp-ea-one sp-easy-accordion\" data-ea-active=\"ea-click\" data-ea-mode=\"vertical\" data-preloader=\"\" data-scroll-active-item=\"\" data-offset-to-scroll=\"0\"><div class=\"ea-card sp-ea-single\"><h3 class=\"ea-header\"><a class=\"collapsed\" id=\"ea-header-64580\" role=\"button\" data-sptoggle=\"spcollapse\" data-sptarget=\"#collapse64580\" aria-controls=\"collapse64580\" href=\"#\" aria-expanded=\"false\" tabindex=\"0\"><i aria-hidden=\"true\" role=\"presentation\" class=\"ea-expand-icon eap-icon-ea-expand-plus\"><\/i> Ivica Kelam, Associate Professor, Ph.D.<\/a><\/h3><div class=\"sp-collapse spcollapse spcollapse\" id=\"collapse64580\" data-parent=\"#sp-ea-6458\" role=\"region\" aria-labelledby=\"ea-header-64580\"> <div class=\"ea-body\"><p><img loading=\"lazy\" decoding=\"async\" class=\"alignnone size-medium wp-image-3613\" src=\"https:\/\/www.foozos.hr\/wp-content\/uploads\/2024\/06\/IVICA_KELAM-200x300.jpg\" alt=\"\" width=\"200\" height=\"300\" srcset=\"https:\/\/www.foozos.hr\/wp-content\/uploads\/2024\/06\/IVICA_KELAM-200x300.jpg 200w, https:\/\/www.foozos.hr\/wp-content\/uploads\/2024\/06\/IVICA_KELAM-300x451.jpg 300w, https:\/\/www.foozos.hr\/wp-content\/uploads\/2024\/06\/IVICA_KELAM.jpg 399w\" sizes=\"auto, (max-width: 200px) 100vw, 200px\" \/><\/p><table><tbody><tr><td width=\"20%\"><p>Name and Surname<\/p><\/td><td width=\"80%\"><p><strong>Ivica Kelam, Ph.D.<\/strong><\/p><\/td><\/tr><tr><td><p>Title<\/p><\/td><td><p><strong><span class=\"repeat-item-title\">Associate<\/span> professor<\/strong><\/p><\/td><\/tr><tr><td><p>e-mail<\/p><\/td><td><p><a href=\"mailto:ikelam@foozos.hr\">ikelam@foozos.hr<\/a><\/p><\/td><\/tr><tr><td><p>Office number<\/p><\/td><td><p>23<\/p><\/td><\/tr><tr><td><p>Research<\/p><p>Interest<\/p><\/td><td><p style=\"text-align: justify\">Bioethics, ethics, philosophy<\/p><\/td><\/tr><tr><td><p>&nbsp;<\/p><\/td><td><p style=\"text-align: justify\"><span class=\"repeat-item-title\">Associate<\/span> Professor Ivica Kelam, Head of the Department of Philosophy and History at the Faculty of Education, where he teaches the philosophy of education and bioethics. Since October 21, he is Head of Osijek Unit of UNESCO Chair in Bioethics (Haifa). In 2014 he successfully defended his doctoral thesis entitled Genetically modified crops as a bioethical problem. Since 2016 he has been Head of the Center for Integrative Bioethics at J.J. Strossamyer University of Osijek.\u00a0 He is the president of the Organization Committee of the Osijek Days of Bioethics, an international bioethical conference held in Osijek.<\/p><\/td><\/tr><tr><td><p>List of publications (link to CroRIS)<\/p><\/td><td style=\"text-align: center\"><a role=\"link\" href=\"https:\/\/www.croris.hr\/osobe\/profil\/32674\">CroRIS &#8211; Ivica Kelam<\/a><\/td><\/tr><\/tbody><\/table><\/div><\/div><\/div><\/div><\/div><\/div>\n\n<style>#sp-ea-6460 .spcollapsing { height: 0; overflow: hidden; transition-property: height;transition-duration: 300ms;}#sp-ea-6460.sp-easy-accordion>.sp-ea-single {margin-bottom: 10px; border: 1px solid #e2e2e2; }#sp-ea-6460.sp-easy-accordion>.sp-ea-single>.ea-header a {color: #444;}#sp-ea-6460.sp-easy-accordion>.sp-ea-single>.sp-collapse>.ea-body {background: #fff; color: #444;}#sp-ea-6460.sp-easy-accordion>.sp-ea-single {background: #eee;}#sp-ea-6460.sp-easy-accordion>.sp-ea-single>.ea-header a .ea-expand-icon { float: left; color: #444;font-size: 16px;}<\/style><div id=\"sp_easy_accordion-1733742373\"><div id=\"sp-ea-6460\" class=\"sp-ea-one sp-easy-accordion\" data-ea-active=\"ea-click\" data-ea-mode=\"vertical\" data-preloader=\"\" data-scroll-active-item=\"\" data-offset-to-scroll=\"0\"><div class=\"ea-card sp-ea-single\"><h3 class=\"ea-header\"><a class=\"collapsed\" id=\"ea-header-64600\" role=\"button\" data-sptoggle=\"spcollapse\" data-sptarget=\"#collapse64600\" aria-controls=\"collapse64600\" href=\"#\" aria-expanded=\"false\" tabindex=\"0\"><i aria-hidden=\"true\" role=\"presentation\" class=\"ea-expand-icon eap-icon-ea-expand-plus\"><\/i> Rahaela Varga, Associate Professor, Ph.D.<\/a><\/h3><div class=\"sp-collapse spcollapse spcollapse\" id=\"collapse64600\" data-parent=\"#sp-ea-6460\" role=\"region\" aria-labelledby=\"ea-header-64600\"> <div class=\"ea-body\"><p><img loading=\"lazy\" decoding=\"async\" class=\"\" src=\"https:\/\/www.foozos.hr\/wp-content\/uploads\/2025\/03\/RAHELA_VARGA.jpg\" width=\"378\" height=\"399\" \/><\/p><table width=\"623\" cellspacing=\"0\" cellpadding=\"7\"><tbody><tr valign=\"top\"><td width=\"110\"><p style=\"text-align: justify\"><span style=\"font-family: arial, helvetica, sans-serif\">First and last name<\/span><\/p><\/td><td style=\"text-align: justify\" width=\"484\"><p style=\"text-align: center\"><strong><span style=\"font-family: arial, helvetica, sans-serif\">Rahaela Varga, Ph.D.<\/span><\/strong><\/p><\/td><\/tr><tr style=\"text-align: justify\" valign=\"top\"><td width=\"110\"><p><span style=\"font-family: arial, helvetica, sans-serif\">Profession<\/span><\/p><\/td><td width=\"484\"><p style=\"text-align: center\"><strong><span style=\"font-family: arial, helvetica, sans-serif\">Associate Professor<\/span><\/strong><\/p><\/td><\/tr><tr style=\"text-align: justify\" valign=\"top\"><td width=\"110\"><p><span style=\"font-family: arial, helvetica, sans-serif\">Email<\/span><\/p><\/td><td width=\"484\"><p><span style=\"font-family: arial, helvetica, sans-serif\">rvarga@foozos.hr<\/span><\/p><\/td><\/tr><tr style=\"text-align: justify\" valign=\"top\"><td width=\"110\"><p><span style=\"font-family: arial, helvetica, sans-serif\">Office number<\/span><\/p><\/td><td width=\"484\"><p><span style=\"font-family: arial, helvetica, sans-serif\">63<\/span><\/p><\/td><\/tr><tr style=\"text-align: justify\" valign=\"top\"><td width=\"110\"><p><span style=\"font-family: arial, helvetica, sans-serif\">Research interests<\/span><\/p><\/td><td width=\"484\"><p style=\"text-align: justify\"><span style=\"font-family: arial, helvetica, sans-serif\">education, teacher\/student\/headteacher competencies, lifelong learning, teaching<\/span><\/p><\/td><\/tr><tr style=\"text-align: justify\" valign=\"top\"><td width=\"110\"><p><span style=\"font-family: arial, helvetica, sans-serif\">Curriculum vitae (up to 300 words)<\/span><\/p><\/td><td width=\"484\"><p style=\"text-align: justify\"><span style=\"font-family: arial, helvetica, sans-serif\">Holds a Ph.D. in Education Sciences from the Faculty of Humanities and Social Sciences at the University of Zagreb, Croatia. Works as an Associate Professor at the Faculty of Education, University of Osijek, Croatia. Teaches pedagogy and didactics courses at the undergraduate, graduate, and postgraduate levels.<\/span><\/p><p style=\"text-align: justify\"><span style=\"font-family: arial, helvetica, sans-serif\">Recent projects: <i>Competence standards of teachers, pedagogues and mentors (2019 \u2013 2022);\u00a0 Principal: a profession and a qualification, not a function (2015-2016); Necessity to modify students\u2019 status in and outside classroom (2009 \u2013 2014).<\/i><\/span><\/p><p style=\"text-align: justify\"><span style=\"font-family: arial, helvetica, sans-serif\">Regularly takes part in international conferences, has (co-)authored multiple books and over thirty research papers. Speaks Croatian, English and German.<\/span><\/p><\/td><\/tr><tr style=\"text-align: justify\" valign=\"top\"><td width=\"110\"><p><span style=\"font-family: arial, helvetica, sans-serif\">List of publications (link to CroRIS)<\/span><\/p><\/td><td width=\"484\"><p style=\"text-align: center\"><span style=\"font-family: arial, helvetica, sans-serif\"><a href=\"https:\/\/www.croris.hr\/osobe\/profil\/29350?lang=en\"><span style=\"color: #0563c1\"><u>CroRIS Rahaela Varga<\/u><\/span><\/a><\/span><\/p><\/td><\/tr><\/tbody><\/table><\/div><\/div><\/div><\/div><\/div>\n\n\n<style>#sp-ea-6461 .spcollapsing { height: 0; overflow: hidden; transition-property: height;transition-duration: 300ms;}#sp-ea-6461.sp-easy-accordion>.sp-ea-single {margin-bottom: 10px; border: 1px solid #e2e2e2; }#sp-ea-6461.sp-easy-accordion>.sp-ea-single>.ea-header a {color: #444;}#sp-ea-6461.sp-easy-accordion>.sp-ea-single>.sp-collapse>.ea-body {background: #fff; color: #444;}#sp-ea-6461.sp-easy-accordion>.sp-ea-single {background: #eee;}#sp-ea-6461.sp-easy-accordion>.sp-ea-single>.ea-header a .ea-expand-icon { float: left; color: #444;font-size: 16px;}<\/style><div id=\"sp_easy_accordion-1733742393\"><div id=\"sp-ea-6461\" class=\"sp-ea-one sp-easy-accordion\" data-ea-active=\"ea-click\" data-ea-mode=\"vertical\" data-preloader=\"\" data-scroll-active-item=\"\" data-offset-to-scroll=\"0\"><div class=\"ea-card sp-ea-single\"><h3 class=\"ea-header\"><a class=\"collapsed\" id=\"ea-header-64610\" role=\"button\" data-sptoggle=\"spcollapse\" data-sptarget=\"#collapse64610\" aria-controls=\"collapse64610\" href=\"#\" aria-expanded=\"false\" tabindex=\"0\"><i aria-hidden=\"true\" role=\"presentation\" class=\"ea-expand-icon eap-icon-ea-expand-plus\"><\/i> Antonija Huljev, Assistant Professor, Ph.D.<\/a><\/h3><div class=\"sp-collapse spcollapse spcollapse\" id=\"collapse64610\" data-parent=\"#sp-ea-6461\" role=\"region\" aria-labelledby=\"ea-header-64610\"> <div class=\"ea-body\"><p><img loading=\"lazy\" decoding=\"async\" class=\"alignnone size-medium wp-image-3617\" src=\"https:\/\/www.foozos.hr\/wp-content\/uploads\/2024\/06\/ANTONIJA_HULJEV-199x300.jpg\" alt=\"\" width=\"199\" height=\"300\" srcset=\"https:\/\/www.foozos.hr\/wp-content\/uploads\/2024\/06\/ANTONIJA_HULJEV-199x300.jpg 199w, https:\/\/www.foozos.hr\/wp-content\/uploads\/2024\/06\/ANTONIJA_HULJEV-300x452.jpg 300w, https:\/\/www.foozos.hr\/wp-content\/uploads\/2024\/06\/ANTONIJA_HULJEV.jpg 398w\" sizes=\"auto, (max-width: 199px) 100vw, 199px\" \/><\/p><table><tbody><tr><td width=\"20%\"><p>Name and surname<\/p><\/td><td width=\"80%\"><p style=\"text-align: center\"><strong>Antonija Huljev, Ph.D. <\/strong><\/p><\/td><\/tr><tr><td><p>Title<\/p><\/td><td><p style=\"text-align: center\"><strong>Assistant Professor<\/strong><\/p><\/td><\/tr><tr><td><p>e-mail<\/p><\/td><td><p><a href=\"mailto:ahuljev@foozos.hr\" target=\"_blank\" rel=\"noopener noreferrer\">ahuljev@foozos.hr<\/a><\/p><\/td><\/tr><tr><td><p>Office Nr.<\/p><\/td><td><p>38<\/p><\/td><\/tr><tr><td><p>Research interests<\/p><\/td><td><p style=\"text-align: justify\">pedagogy, socio-political impacts of music, history of Croatian literature<\/p><\/td><\/tr><tr><td><p>&nbsp;<\/p><\/td><td><p style=\"text-align: justify\">Antonija Huljev was born in Osijek on November 22, 1987. She was a teaching assistant for philology an pedagogy at the Department of Cultural Studies of Josip Juraj Strossmayer University in Osijek (2013 \u2013 2018). Since 2018, she has been a teaching assistant at the Faculty of Education. The areas of her scientific and professional interest are pedagogical axiology and the history of Croatian literature, and in a broader sense, pedagogy and literature. In 2009 she graduated from the Faculty of Humanities and Social Sciences in Osijek with a BA degree in Croatian language and literature and Pedagogy and in 2011 she became the Master of Education in Croatian Language and Literature and Master of Pedagogy at the same Faculty. In 2018, she completed the Post-graduate Interdisciplinary Doctoral Study Programme in Culture (Faculty of Arts and Literature in Culture) and earned a Ph. D. from the Doctoral School of Social and Human Sciences at the University of Josip Juraj Strossmayer in Osijek (interdisciplinary field of science, i.e. interdisciplinary humanities and interdisciplinary social sciences).<\/p><p style=\"text-align: justify\">She has edited several conference proceedings and books, published several scientific papers in Croatian and foreign journals, and participated in several conferences in Croatia and abroad. So far, she has published three books. She is a member of the editorial board of the magazine \"Vospitanie - Journal of Educational Sciences, Theory and Practice\" (Republic of Northern Macedonia) and the magazine \"Pannoniana\" (Faculty of Educational Sciences, Osijek, Croatia).<\/p><p style=\"text-align: justify\">In the period from 2009 to 2010, she worked as a student in the library of the Faculty of Electrical Engineering in Osijek. From 2011 to 2012, she worked as a proofreader for the magazine \"Military History\" published by Ve\u010dernji list.<\/p><p style=\"text-align: justify\">She is a member of the School Board of the Center for Education \"Ivan \u0160tark\" in Osijek. She is also a member of Matica Hrvatska and an honorary member and professional associate of the Croatian Association of Prisoners in Serbian Concentration Camps.<\/p><\/td><\/tr><tr><td><p>List of publications (CroRIS link)<\/p><\/td><td style=\"text-align: center\"><a role=\"link\" href=\"https:\/\/www.croris.hr\/osobe\/profil\/31817\">CroRIS - Antonija Huljev<\/a><\/td><\/tr><\/tbody><\/table><\/div><\/div><\/div><\/div><\/div>\n\n\n<style>#sp-ea-6463 .spcollapsing { height: 0; overflow: hidden; transition-property: height;transition-duration: 300ms;}#sp-ea-6463.sp-easy-accordion>.sp-ea-single {margin-bottom: 10px; border: 1px solid #e2e2e2; }#sp-ea-6463.sp-easy-accordion>.sp-ea-single>.ea-header a {color: #444;}#sp-ea-6463.sp-easy-accordion>.sp-ea-single>.sp-collapse>.ea-body {background: #fff; color: #444;}#sp-ea-6463.sp-easy-accordion>.sp-ea-single {background: #eee;}#sp-ea-6463.sp-easy-accordion>.sp-ea-single>.ea-header a .ea-expand-icon { float: left; color: #444;font-size: 16px;}<\/style><div id=\"sp_easy_accordion-1733742489\"><div id=\"sp-ea-6463\" class=\"sp-ea-one sp-easy-accordion\" data-ea-active=\"ea-click\" data-ea-mode=\"vertical\" data-preloader=\"\" data-scroll-active-item=\"\" data-offset-to-scroll=\"0\"><div class=\"ea-card sp-ea-single\"><h3 class=\"ea-header\"><a class=\"collapsed\" id=\"ea-header-64630\" role=\"button\" data-sptoggle=\"spcollapse\" data-sptarget=\"#collapse64630\" aria-controls=\"collapse64630\" href=\"#\" aria-expanded=\"false\" tabindex=\"0\"><i aria-hidden=\"true\" role=\"presentation\" class=\"ea-expand-icon eap-icon-ea-expand-plus\"><\/i> Pavao Nuji\u0107, Assistant Professor, Ph.D., Vice dean for study programmes and development<\/a><\/h3><div class=\"sp-collapse spcollapse spcollapse\" id=\"collapse64630\" data-parent=\"#sp-ea-6463\" role=\"region\" aria-labelledby=\"ea-header-64630\"> <div class=\"ea-body\"><p><img decoding=\"async\" src=\"https:\/\/www.foozos.hr\/wp-content\/uploads\/2024\/06\/PAVO_NUJIC-204x300.jpg\" \/><\/p><table style=\"width: 100%;height: 989px\" width=\"623\" cellspacing=\"0\" cellpadding=\"7\"><tbody><tr style=\"height: 59px\" valign=\"top\"><td style=\"height: 59px\" width=\"110\"><p align=\"left\">First and last name<\/p><\/td><td style=\"height: 59px\" width=\"484\"><p style=\"text-align: center\" align=\"left\"><strong>Pavao Nuji\u0107, Ph.D.<\/strong><\/p><\/td><\/tr><tr style=\"text-align: justify\" valign=\"top\"><td style=\"height: 59px\" width=\"110\"><p align=\"left\">Profession<\/p><\/td><td style=\"text-align: center;height: 59px\" width=\"484\">Vice dean for study programmes and development<\/td><\/tr><tr style=\"text-align: justify\" valign=\"top\"><td style=\"height: 59px\" width=\"110\"><p align=\"left\">Email<\/p><\/td><td style=\"height: 59px\" width=\"484\"><p align=\"left\">pnujic@foozos.hr<\/p><\/td><\/tr><tr style=\"text-align: justify\" valign=\"top\"><td style=\"height: 59px\" width=\"110\"><p align=\"left\">Office number<\/p><\/td><td style=\"height: 59px\" width=\"484\"><p align=\"left\">57, Vice-dean office<\/p><\/td><\/tr><tr style=\"text-align: justify\" valign=\"top\"><td style=\"height: 59px\" width=\"110\"><p align=\"left\">Research interests<\/p><\/td><td style=\"height: 59px\" width=\"484\"><p style=\"text-align: justify\" align=\"left\">history of Slavonia and Syrmia in the 18th and 19th Century, local history, history of education<\/p><\/td><\/tr><tr style=\"text-align: justify\" valign=\"top\"><td style=\"height: 587px\" width=\"110\"><p align=\"left\">Curriculum vitae (up to 300 words)<\/p><\/td><td style=\"height: 587px\" width=\"484\"><p style=\"text-align: justify\" align=\"left\">Pavao Nuji\u0107 was born in 1991 in Osijek, where he attended elementary and secondary school (I. Gymnasium). In 2009, he enrolled in a double program in History and Pedagogy at the Faculty of Humanities and Social Sciences, Josip Juraj Strossmayer University of Osijek. During his studies, he received the Rector's Award and served as the editor-in-chief of the student journal Essehist. He graduated in 2014 with the distinction summa cum laude. In 2014, as an Erasmus scholar, he spent six months at the Institute of History at Karl Franzens University in Graz, and in 2015, he spent one month at the University of Vienna for professional and scientific training.<\/p><p style=\"text-align: justify\" align=\"left\">He began his postgraduate studies in History in 2014 at the Faculty of Croatian Studies (then Croatian Studies) at the University of Zagreb. In 2020, he defended his doctoral dissertation, \"The Petrovaradin Grenzer Infantry Regiment in the 18th Century,\" under the mentorship of Prof. Damir Matanovi\u0107, PhD.<\/p><p style=\"text-align: justify\" align=\"left\">Since 2015, he has been working as a research and teaching assistant of history at the Faculty of Education, Josip Juraj Strossmayer University of Osijek. In 2021, he became a postdoctoral researcher (senior research and teaching assistant since 2022). He was involved in the conduct of the following courses: Croatian History, Local History, History of Education, World Religions, and Cultural History of Croatia in the Teacher Education program, as well as Local History, Environmental History, and Croatian National Heritage in the Early and Preschool Education program and The Historical Development of Inclusion in the Educational Rehabilitation program. At the Faculty of Kinesiology, Josip Juraj Strossmayer University of Osijek, he lectures as an external associate in the course History of Physical Exercise and Sports.<\/p><p style=\"text-align: justify\" align=\"left\">His research interests focus on the history of Eastern Croatia in the 18th and 19th centuries, with an emphasis on the Slavonian Military Frontier and Osijek. He has published several scientific and professional papers and has presented at numerous academic and professional conferences. He has been a member of the program or organizational committees of several international and domestic scientific conferences. Since 2018, he has served as assistant editor and later as technical and executive editor of the humanities journal Pannoniana, published by the Faculty of Education and Educational Sciences, Josip Juraj Strossmayer University of Osijek.<\/p><\/td><\/tr><tr style=\"text-align: justify\" valign=\"top\"><td style=\"height: 107px\" width=\"110\"><p align=\"left\">List of publications (link to CroRIS)<\/p><\/td><td style=\"height: 107px\" width=\"484\"><p style=\"text-align: center\" align=\"left\"><a href=\"https:\/\/www.croris.hr\/crosbi\/searchByContext\/2\/32754\">Pavao Nuji\u0107<\/a><a href=\"http:\/\/bib.irb.hr\/lista-radova?autor=312451\"><br \/><\/a><\/p><\/td><\/tr><\/tbody><\/table><\/div><\/div><\/div><\/div><\/div>\n\n\n<style>#sp-ea-6464 .spcollapsing { height: 0; overflow: hidden; transition-property: height;transition-duration: 300ms;}#sp-ea-6464.sp-easy-accordion>.sp-ea-single {margin-bottom: 10px; border: 1px solid #e2e2e2; }#sp-ea-6464.sp-easy-accordion>.sp-ea-single>.ea-header a {color: #444;}#sp-ea-6464.sp-easy-accordion>.sp-ea-single>.sp-collapse>.ea-body {background: #fff; color: #444;}#sp-ea-6464.sp-easy-accordion>.sp-ea-single {background: #eee;}#sp-ea-6464.sp-easy-accordion>.sp-ea-single>.ea-header a .ea-expand-icon { float: left; color: #444;font-size: 16px;}<\/style><div id=\"sp_easy_accordion-1733742525\"><div id=\"sp-ea-6464\" class=\"sp-ea-one sp-easy-accordion\" data-ea-active=\"ea-click\" data-ea-mode=\"vertical\" data-preloader=\"\" data-scroll-active-item=\"\" data-offset-to-scroll=\"0\"><div class=\"ea-card sp-ea-single\"><h3 class=\"ea-header\"><a class=\"collapsed\" id=\"ea-header-64640\" role=\"button\" data-sptoggle=\"spcollapse\" data-sptarget=\"#collapse64640\" aria-controls=\"collapse64640\" href=\"#\" aria-expanded=\"false\" tabindex=\"0\"><i aria-hidden=\"true\" role=\"presentation\" class=\"ea-expand-icon eap-icon-ea-expand-plus\"><\/i> Ru\u017eica Toki\u0107 Zec, Assistant Professor, Ph.D.<\/a><\/h3><div class=\"sp-collapse spcollapse spcollapse\" id=\"collapse64640\" data-parent=\"#sp-ea-6464\" role=\"region\" aria-labelledby=\"ea-header-64640\"> <div class=\"ea-body\"><p><img decoding=\"async\" src=\"https:\/\/www.foozos.hr\/wp-content\/uploads\/2024\/06\/RUZICA_TOKIC_ZEC-211x300.jpg\" \/><\/p><table width=\"623\" cellspacing=\"0\" cellpadding=\"7\"><tbody><tr valign=\"top\"><td width=\"110\"><p style=\"text-align: justify\"><span style=\"font-family: arial, helvetica, sans-serif\">First and last name<\/span><\/p><\/td><td style=\"text-align: justify\" width=\"484\"><p style=\"text-align: center\"><span style=\"font-family: arial, helvetica, sans-serif\"><strong>Ru\u017eica Toki\u0107 Zec, Ph.D.<\/strong><br \/><\/span><\/p><\/td><\/tr><tr style=\"text-align: justify\" valign=\"top\"><td width=\"110\"><p><span style=\"font-family: arial, helvetica, sans-serif\">Profession<\/span><\/p><\/td><td width=\"484\"><p style=\"text-align: center\"><strong><span style=\"font-family: arial, helvetica, sans-serif\">Assistant Professor<\/span><\/strong><\/p><\/td><\/tr><tr style=\"text-align: justify\" valign=\"top\"><td width=\"110\"><p><span style=\"font-family: arial, helvetica, sans-serif\">Email<\/span><\/p><\/td><td width=\"484\"><p><span style=\"font-family: arial, helvetica, sans-serif\">rtokic@foozos.hr<\/span><\/p><\/td><\/tr><tr style=\"text-align: justify\" valign=\"top\"><td width=\"110\"><p><span style=\"font-family: arial, helvetica, sans-serif\">Office number<\/span><\/p><\/td><td width=\"484\"><p><span style=\"font-family: arial, helvetica, sans-serif\">38<\/span><\/p><\/td><\/tr><tr style=\"text-align: justify\" valign=\"top\"><td width=\"110\"><p><span style=\"font-family: arial, helvetica, sans-serif\">Research interests<\/span><\/p><\/td><td width=\"484\"><p style=\"text-align: justify\"><span style=\"font-family: arial, helvetica, sans-serif\">Culture of educational institutions, values, family pedagogy, parenting<\/span><\/p><\/td><\/tr><tr style=\"text-align: justify\" valign=\"top\"><td width=\"110\"><p><span style=\"font-family: arial, helvetica, sans-serif\">Curriculum vitae (up to 300 words)<\/span><\/p><\/td><td width=\"484\"><p style=\"text-align: justify\" align=\"justify\"><span style=\"font-family: arial, helvetica, sans-serif\">Ru\u017eica Toki\u0107 Zec graduated in 2013 from the Faculty of Humanities and Social Sciences in Osijek and obtained a master's degree in Education in English Language and Literature and a master's degree in Pedagogy. In 2021, she received a PhD from the Faculty of Humanities and Social Sciences in Osijek with the topic \u201cPreschool teachers, primary school teachers and university instructors' perceptions on organizational culture in educational institutions as the first in the generation.\u201d Since 2012, she has organized early English language programs for preschool children. From 2014 to 2015, she worked as a pedagogue at the Elementary School \"Tin Ujevi\u0107\" in Osijek and passed the professional exam to be an expert associate pedagogue. Since 2015, she has been teaching courses in the field of pedagogy (Pedagogy, General Pedagogy, Family Upbringing and Partnership with Parents, Parenting, and Final Paper Methodology) at the Faculty of Education in Osijek. In 2016, she received a UNESCO scholarship and participated in the 10th International Summer School - \u201cThe contemporary problems of children and childhood in multicultural societies\u201d - theory, research, praxis in Warsaw, Poland. In 2023, she was invited to the St. Gallen University of Teacher Education in Switzerland for professional development. She has published several scientific and professional papers, participated in several international and domestic scientific and professional conferences, been invited as a speaker at professional conferences, and carried out activities to popularize science.<\/span><\/p><\/td><\/tr><tr style=\"text-align: justify\" valign=\"top\"><td width=\"110\"><p><span style=\"font-family: arial, helvetica, sans-serif\">List of publications (link to CroRIS)<\/span><\/p><\/td><td width=\"484\"><p style=\"text-align: center\"><span style=\"font-family: arial, helvetica, sans-serif\"><a href=\"http:\/\/bib.irb.hr\/lista-radova?autor=312451\"><span style=\"color: #0563c1\"><u><br \/><\/u><\/span><\/a><a href=\"http:\/\/bib.irb.hr\/lista-radova?autor=312451\">CroRIS \u2013 Ru\u017eica Toki\u0107 Zec<\/a><a href=\"http:\/\/bib.irb.hr\/lista-radova?autor=312451\"><span style=\"color: #0563c1\"><u><\/p><p><\/u><\/span><\/a> <a href=\"http:\/\/bib.irb.hr\/lista-radova?autor=312451\"><span style=\"color: #0563c1\"><u><br \/><\/u><\/span><\/a><\/span><\/p><\/td><\/tr><\/tbody><\/table><\/div><\/div><\/div><\/div><\/div>\n\n\n<style>#sp-ea-6516 .spcollapsing { height: 0; overflow: hidden; transition-property: height;transition-duration: 300ms;}#sp-ea-6516.sp-easy-accordion>.sp-ea-single {margin-bottom: 10px; border: 1px solid #e2e2e2; }#sp-ea-6516.sp-easy-accordion>.sp-ea-single>.ea-header a {color: #444;}#sp-ea-6516.sp-easy-accordion>.sp-ea-single>.sp-collapse>.ea-body {background: #fff; color: #444;}#sp-ea-6516.sp-easy-accordion>.sp-ea-single {background: #eee;}#sp-ea-6516.sp-easy-accordion>.sp-ea-single>.ea-header a .ea-expand-icon { float: left; color: #444;font-size: 16px;}<\/style><div id=\"sp_easy_accordion-1733745393\"><div id=\"sp-ea-6516\" class=\"sp-ea-one sp-easy-accordion\" data-ea-active=\"ea-click\" data-ea-mode=\"vertical\" data-preloader=\"\" data-scroll-active-item=\"\" data-offset-to-scroll=\"0\"><div class=\"ea-card sp-ea-single\"><h3 class=\"ea-header\"><a class=\"collapsed\" id=\"ea-header-65160\" role=\"button\" data-sptoggle=\"spcollapse\" data-sptarget=\"#collapse65160\" aria-controls=\"collapse65160\" href=\"#\" aria-expanded=\"false\" tabindex=\"0\"><i aria-hidden=\"true\" role=\"presentation\" class=\"ea-expand-icon eap-icon-ea-expand-plus\"><\/i> Marta Ze\u010devi\u0107 Berbi\u0107, Assistant<\/a><\/h3><div class=\"sp-collapse spcollapse spcollapse\" id=\"collapse65160\" data-parent=\"#sp-ea-6516\" role=\"region\" aria-labelledby=\"ea-header-65160\"> <div class=\"ea-body\"><p><img loading=\"lazy\" decoding=\"async\" class=\"alignnone size-medium wp-image-3611\" src=\"https:\/\/www.foozos.hr\/wp-content\/uploads\/2024\/06\/MARTA_ZECEVIC_BERBIC-212x300.jpeg\" alt=\"\" width=\"212\" height=\"300\" srcset=\"https:\/\/www.foozos.hr\/wp-content\/uploads\/2024\/06\/MARTA_ZECEVIC_BERBIC-212x300.jpeg 212w, https:\/\/www.foozos.hr\/wp-content\/uploads\/2024\/06\/MARTA_ZECEVIC_BERBIC-300x425.jpeg 300w, https:\/\/www.foozos.hr\/wp-content\/uploads\/2024\/06\/MARTA_ZECEVIC_BERBIC.jpeg 424w\" sizes=\"auto, (max-width: 212px) 100vw, 212px\" \/><\/p><table><tbody><tr><td width=\"20%\"><p>First and last name<\/p><\/td><td width=\"80%\"><p style=\"text-align: center\"><strong>Marta Ze\u010devi\u0107 Berbi\u0107<\/strong><\/p><\/td><\/tr><tr><td><p>Profession<\/p><\/td><td><p style=\"text-align: center\"><strong>Assistant<br \/><\/strong><\/p><\/td><\/tr><tr><td><p>Email<\/p><\/td><td><p style=\"text-align: center\"><a href=\"mailto:mzberbic@foozos.hr\">mzberbic@foozos.hr<\/a><\/p><\/td><\/tr><tr><td><p>Office number<\/p><\/td><td><p style=\"text-align: center\">57<\/p><\/td><\/tr><tr><td><p>Research interests<\/p><\/td><td><p style=\"text-align: justify\">Methodology of Science and Social Studies, Student-oriented teaching, Research-oriented teaching<\/p><\/td><\/tr><tr><td><p>Curriculum vitae (up to 300 words)<\/p><\/td><td><p style=\"text-align: justify\">Marta Ze\u010devi\u0107 Berbi\u0107 is an assistant at the Faculty of Education of the J. J. Strossmayer University in Osijek and a doctoral student at the post-graduate university (doctoral) study of <em>Educational Sciences and Educational Perspectives<\/em>. She leads seminars and exercises from several courses such as Science and Social Studies Methodology, Research-oriented Teaching, Integrated Teaching, etc. In 2019 and 2021, she held invited lectures for students at the Faculty of Education in Maribor (Slovenia) and for students and educators at the J\u00f6zsef E\u00f6tv\u00f6s school in Baja (Hungary) as part of the Spring Educational Academy. She participated in several international scientific meetings and published several scientific papers and a scientific monograph.<\/p><\/td><\/tr><tr><td><p>List of publications (link to CroRIS)<\/p><\/td><td><p style=\"text-align: center\"><a href=\"https:\/\/www.croris.hr\/osobe\/profil\/38472\">CroRIS - Marta Ze\u010devi\u0107 Berbi\u0107<\/a><\/p><\/td><\/tr><\/tbody><\/table><\/div><\/div><\/div><\/div><\/div>\n\n\n<style>#sp-ea-11995 .spcollapsing { height: 0; overflow: hidden; transition-property: height;transition-duration: 300ms;}#sp-ea-11995.sp-easy-accordion>.sp-ea-single {margin-bottom: 10px; border: 1px solid #e2e2e2; }#sp-ea-11995.sp-easy-accordion>.sp-ea-single>.ea-header a {color: #444;}#sp-ea-11995.sp-easy-accordion>.sp-ea-single>.sp-collapse>.ea-body {background: #fff; color: #444;}#sp-ea-11995.sp-easy-accordion>.sp-ea-single {background: #eee;}#sp-ea-11995.sp-easy-accordion>.sp-ea-single>.ea-header a .ea-expand-icon { float: left; color: #444;font-size: 16px;}<\/style><div id=\"sp_easy_accordion-1767956273\"><div id=\"sp-ea-11995\" class=\"sp-ea-one sp-easy-accordion\" data-ea-active=\"ea-click\" data-ea-mode=\"vertical\" data-preloader=\"\" data-scroll-active-item=\"\" data-offset-to-scroll=\"0\"><div class=\"ea-card sp-ea-single\"><h3 class=\"ea-header\"><a class=\"collapsed\" id=\"ea-header-119950\" role=\"button\" data-sptoggle=\"spcollapse\" data-sptarget=\"#collapse119950\" aria-controls=\"collapse119950\" href=\"#\" aria-expanded=\"false\" tabindex=\"0\"><i aria-hidden=\"true\" role=\"presentation\" class=\"ea-expand-icon eap-icon-ea-expand-plus\"><\/i> Iva Bari\u0161i\u0107, Assistant<\/a><\/h3><div class=\"sp-collapse spcollapse spcollapse\" id=\"collapse119950\" data-parent=\"#sp-ea-11995\" role=\"region\" aria-labelledby=\"ea-header-119950\"> <div class=\"ea-body\"><p><img loading=\"lazy\" decoding=\"async\" class=\"alignnone size-medium wp-image-11992\" src=\"https:\/\/www.foozos.hr\/wp-content\/uploads\/2026\/01\/BARISIC_IVA-257x300.jpeg\" alt=\"\" width=\"257\" height=\"300\" srcset=\"https:\/\/www.foozos.hr\/wp-content\/uploads\/2026\/01\/BARISIC_IVA-257x300.jpeg 257w, https:\/\/www.foozos.hr\/wp-content\/uploads\/2026\/01\/BARISIC_IVA-877x1024.jpeg 877w, https:\/\/www.foozos.hr\/wp-content\/uploads\/2026\/01\/BARISIC_IVA-768x897.jpeg 768w, https:\/\/www.foozos.hr\/wp-content\/uploads\/2026\/01\/BARISIC_IVA-10x12.jpeg 10w, https:\/\/www.foozos.hr\/wp-content\/uploads\/2026\/01\/BARISIC_IVA-300x350.jpeg 300w, https:\/\/www.foozos.hr\/wp-content\/uploads\/2026\/01\/BARISIC_IVA-600x700.jpeg 600w, https:\/\/www.foozos.hr\/wp-content\/uploads\/2026\/01\/BARISIC_IVA.jpeg 896w\" sizes=\"auto, (max-width: 257px) 100vw, 257px\" \/><\/p><table width=\"623\" cellspacing=\"0\" cellpadding=\"7\"><tbody><tr><td width=\"110\"><p align=\"left\">First and last name<\/p><\/td><td width=\"484\"><p align=\"center\"><strong>Iva Bari\u0161i\u0107, univ. mag. educ. soc. et univ. mag. educ. phil.<\/strong><\/p><\/td><\/tr><tr><td bgcolor=\"#f2f2f2\" width=\"110\"><p align=\"left\">Profession<\/p><\/td><td bgcolor=\"#f2f2f2\" width=\"484\"><p align=\"center\"><strong>Assistant<\/strong><\/p><\/td><\/tr><tr><td width=\"110\"><p align=\"left\">Email<\/p><\/td><td width=\"484\"><p align=\"center\"><a href=\"mailto:ibarisic2@foozos.hr\">ibarisic2@foozos.hr<\/a><\/p><\/td><\/tr><tr><td bgcolor=\"#f2f2f2\" width=\"110\"><p align=\"left\">Office number<\/p><\/td><td bgcolor=\"#f2f2f2\" width=\"484\"><p align=\"center\">23<\/p><\/td><\/tr><tr><td width=\"110\"><p align=\"left\">Research interests<\/p><\/td><td width=\"484\"><p align=\"center\">sociology, philosophy, education, ethics<\/p><\/td><\/tr><tr><td bgcolor=\"#f2f2f2\" width=\"110\"><p align=\"left\">Curriculum vitae (up to 300 words)<\/p><\/td><td bgcolor=\"#f2f2f2\" width=\"484\"><p style=\"text-align: justify\">Iva Bari\u0161i\u0107 was born in 2001 in Osijek. She completed her primary education at Retfala Elementary School and her secondary education at the First Gymnasium in Osijek. In 2025, she graduated from the Faculty of Humanities and Social Sciences in Osijek and obtained a Master\u2019s degree in Education in Sociology and Philosophy. In the same year, she worked as a substitute teacher of philosophy, sociology, ethics, logic, and politics and economics at the Ru\u0111er Bo\u0161kovi\u0107 Technical School and Science High School.<\/p><p style=\"text-align: justify\" align=\"justify\">Since 2026, she has been employed as an Assistant at the Faculty of Education, Josip Juraj Strossmayer University of Osijek. She participates in the delivery of seminars in the courses Ethics of the Teaching Profession, Inclusive Civic Education, and Student Teaching Practice III.<\/p><\/td><\/tr><tr><td width=\"110\"><p align=\"left\">List of publications (link to CroRIS)<\/p><\/td><td style=\"text-align: center\" width=\"484\"><a href=\"https:\/\/www.croris.hr\/osobe\/profil\/51662\">CroRIS \u2013 Iva Bari\u0161i\u0107<\/a><\/td><\/tr><\/tbody><\/table><\/div><\/div><\/div><\/div><\/div>","protected":false},"excerpt":{"rendered":"<p>In order to secure personal success, it is essential to keep up with the constant scientific developments and technological innovations. Therefore, the Faculty of Education recognises the lifelong learning as a form of social engagement with the increasing importance. The &hellip; <\/p>","protected":false},"author":4,"featured_media":0,"parent":0,"menu_order":0,"comment_status":"closed","ping_status":"closed","template":"","meta":{"footnotes":""},"class_list":["post-6026","page","type-page","status-publish","hentry"],"_links":{"self":[{"href":"https:\/\/www.foozos.hr\/en\/wp-json\/wp\/v2\/pages\/6026","targetHints":{"allow":["GET"]}}],"collection":[{"href":"https:\/\/www.foozos.hr\/en\/wp-json\/wp\/v2\/pages"}],"about":[{"href":"https:\/\/www.foozos.hr\/en\/wp-json\/wp\/v2\/types\/page"}],"author":[{"embeddable":true,"href":"https:\/\/www.foozos.hr\/en\/wp-json\/wp\/v2\/users\/4"}],"replies":[{"embeddable":true,"href":"https:\/\/www.foozos.hr\/en\/wp-json\/wp\/v2\/comments?post=6026"}],"version-history":[{"count":0,"href":"https:\/\/www.foozos.hr\/en\/wp-json\/wp\/v2\/pages\/6026\/revisions"}],"wp:attachment":[{"href":"https:\/\/www.foozos.hr\/en\/wp-json\/wp\/v2\/media?parent=6026"}],"curies":[{"name":"wp","href":"https:\/\/api.w.org\/{rel}","templated":true}]}}