{"id":9274,"date":"2025-05-20T17:38:51","date_gmt":"2025-05-20T15:38:51","guid":{"rendered":"https:\/\/www.foozos.hr\/?post_type=product&#038;p=9274"},"modified":"2025-05-20T17:40:23","modified_gmt":"2025-05-20T15:40:23","slug":"sanonit-iz-osijeka-knjizevno-stvaralastvo-za-djecu-ante-gardasa","status":"publish","type":"product","link":"https:\/\/www.foozos.hr\/en\/product\/sanonit-iz-osijeka-knjizevno-stvaralastvo-za-djecu-ante-gardasa\/","title":{"rendered":"Sanonit iz Osijeka &#8211; Knji\u017eevno stvarala\u0161tvo za djecu Ante Garda\u0161a"},"content":{"rendered":"<p style=\"text-align: justify\">U monografiji je prikazano stvarala\u0161tvo za djecu Ante Garda\u0161a te je podijeljena u \u010detiri cjeline s obzirom na autorove vrstovne preokupacije. U prvoj se cjelini donosi autorova biografi ja i smje\u0161ta njegovo stvarala\u0161tvo unutar razdoblja i okolnosti hrvatske dje\u010dje knji\u017eevnosti. U po\u010detnome se poglavlju izdvaja i pogled na autorovu biobibliografi ju kao vrijedan izvor informacija o njegovu \u017eivotu i stvaranju, ali koja daje i \u0161iri kontekst statusa i va\u017enosti dje\u010dje knji\u017eevnosti kao i dje\u010djih knji\u017eevnika krajem 20. i na samome po\u010detku 21. stolje\u0107a. Analizi njegova opusa dalje se pristupa po\u010dev\u0161i od poezije, kojom se autor najprije pojavio u knji\u017eevnosti te se izdvajaju obilje\u017eja koja karakteriziraju njegovu dje\u010dju poeziju. U idu\u0107em se poglavlju promatraju kratke prozne vrste te se i pogledom na taj dio opusa uo\u010dava raznolikost autorovih interesa. Posebno je u tom kontekstu bitno izdvojiti Garda\u0161eve bajke, za koje je kritika navodila da \u010dine jedan od najva\u017enijih dijelova autorova opusa, ali im do sada nije davano dovoljno pozornosti. Najve\u0107i je dio ove monografije posve\u0107en Garda\u0161evim romanima po kojima je najpoznatiji i koji \u010dine sredi\u0161nji dio njegova opusa. Pogledom na njegove romane istaknuta je \u017eanrovska raznolikost toga dijela opusa te najva\u017enija obilje\u017eja koja povezuju romane i \u010dine temelj autorove poetike.<\/p>\n<p>Autor\/i: \u017divkovi\u0107 Zebec, Vedrana<\/p>\n<p>Izdava\u010d: Fakultet za odgojne i obrazovne znanosti<\/p>\n<p>Godina izdanja: 2025.<\/p>\n<p>Broj stranica: 197<\/p>\n<p>ISBN: 978-953-8371-43-1<\/p>","protected":false},"excerpt":{"rendered":"<p>U monografiji je prikazano stvarala\u0161tvo za djecu Ante Garda\u0161a te je podijeljena u \u010detiri cjeline s obzirom na autorove vrstovne preokupacije. U prvoj se cjelini donosi autorova biografi ja i smje\u0161ta njegovo stvarala\u0161tvo unutar razdoblja i okolnosti hrvatske dje\u010dje knji\u017eevnosti. &hellip; <\/p>","protected":false},"featured_media":9275,"template":"","meta":[],"product_brand":[],"product_cat":[23],"product_tag":[],"class_list":{"0":"post-9274","1":"product","2":"type-product","3":"status-publish","4":"has-post-thumbnail","6":"product_cat-knjige","8":"first","9":"instock","10":"shipping-taxable","11":"purchasable","12":"product-type-simple"},"_links":{"self":[{"href":"https:\/\/www.foozos.hr\/en\/wp-json\/wp\/v2\/product\/9274","targetHints":{"allow":["GET"]}}],"collection":[{"href":"https:\/\/www.foozos.hr\/en\/wp-json\/wp\/v2\/product"}],"about":[{"href":"https:\/\/www.foozos.hr\/en\/wp-json\/wp\/v2\/types\/product"}],"wp:featuredmedia":[{"embeddable":true,"href":"https:\/\/www.foozos.hr\/en\/wp-json\/wp\/v2\/media\/9275"}],"wp:attachment":[{"href":"https:\/\/www.foozos.hr\/en\/wp-json\/wp\/v2\/media?parent=9274"}],"wp:term":[{"taxonomy":"product_brand","embeddable":true,"href":"https:\/\/www.foozos.hr\/en\/wp-json\/wp\/v2\/product_brand?post=9274"},{"taxonomy":"product_cat","embeddable":true,"href":"https:\/\/www.foozos.hr\/en\/wp-json\/wp\/v2\/product_cat?post=9274"},{"taxonomy":"product_tag","embeddable":true,"href":"https:\/\/www.foozos.hr\/en\/wp-json\/wp\/v2\/product_tag?post=9274"}],"curies":[{"name":"wp","href":"https:\/\/api.w.org\/{rel}","templated":true}]}}